{"id":187,"date":"2023-11-12T18:27:44","date_gmt":"2023-11-12T17:27:44","guid":{"rendered":"https:\/\/modulojeanmonnetclaeu.es\/?page_id=187"},"modified":"2025-03-12T13:02:15","modified_gmt":"2025-03-12T12:02:15","slug":"fondo-documental","status":"publish","type":"page","link":"https:\/\/modulojeanmonnetclaeu.es\/?page_id=187","title":{"rendered":"Fondo Documental"},"content":{"rendered":"<p>[et_pb_section fb_built=\u00bb1&#8243; fullwidth=\u00bbon\u00bb _builder_version=\u00bb4.23.1&#8243; _module_preset=\u00bbdefault\u00bb background_image=\u00bbhttps:\/\/modulojeanmonnetclaeu.es\/wp-content\/uploads\/2023\/11\/fondo-documental.webp\u00bb background_position=\u00bbtop_right\u00bb custom_padding=\u00bb185px||137px|||\u00bb global_colors_info=\u00bb{}\u00bb][\/et_pb_section][et_pb_section fb_built=\u00bb1&#8243; admin_label=\u00bbApply\u00bb _builder_version=\u00bb4.19.2&#8243; _module_preset=\u00bbdefault\u00bb custom_padding=\u00bb28px||21px|||\u00bb collapsed=\u00bbon\u00bb global_colors_info=\u00bb{}\u00bb][et_pb_row _builder_version=\u00bb4.27.4&#8243; _module_preset=\u00bbdefault\u00bb hover_enabled=\u00bb0&#8243; sticky_enabled=\u00bb0&#8243;][et_pb_column _builder_version=\u00bb4.27.4&#8243; _module_preset=\u00bbdefault\u00bb type=\u00bb4_4&#8243;][et_pb_code _builder_version=\u00bb4.27.4&#8243; _module_preset=\u00bbdefault\u00bb text_orientation=\u00bbcenter\u00bb hover_enabled=\u00bb0&#8243; sticky_enabled=\u00bb0&#8243;]<\/pee>Visitas:<!\u2013- [et_pb_br_holder] -\u2013><!-- [et_pb_line_break_holder] --><script type=\"text\/javascript\" src=\"https:\/\/contador.websiteout.com\/js\/17\/7\/457\/0\"><\/script>[\/et_pb_code][\/et_pb_column][\/et_pb_row][et_pb_row _builder_version=\u00bb4.19.2&#8243; _module_preset=\u00bbdefault\u00bb custom_padding=\u00bb||7px|||\u00bb global_colors_info=\u00bb{}\u00bb][et_pb_column type=\u00bb4_4&#8243; _builder_version=\u00bb4.19.2&#8243; _module_preset=\u00bbdefault\u00bb global_colors_info=\u00bb{}\u00bb][et_pb_text _builder_version=\u00bb4.23.1&#8243; _module_preset=\u00bba736a764-d91f-468b-a5b4-24152d852ace\u00bb text_font=\u00bb||||||||\u00bb text_font_size=\u00bb12px\u00bb header_font=\u00bb||||||||\u00bb header_2_font=\u00bbPlayfair Display|600|||||||\u00bb header_2_text_color=\u00bbgcid-7af778dc-119e-4b88-9ee6-23daa28efcfd\u00bb header_2_font_size=\u00bb30px\u00bb text_orientation=\u00bbcenter\u00bb header_2_font_size_last_edited=\u00bboff|desktop\u00bb text_orientation_tablet=\u00bbleft\u00bb text_orientation_phone=\u00bbleft\u00bb text_orientation_last_edited=\u00bbon|tablet\u00bb global_colors_info=\u00bb{%22gcid-7af778dc-119e-4b88-9ee6-23daa28efcfd%22:%91%22header_2_text_color%22%93}\u00bb]<\/p>\n<h2>I) DECLARACIONES Y PLANES DE ACCI\u00d3N CUMBRES UE-AM\u00c9RICA LATINA (UE-CELAC)<\/h2>\n<p>[\/et_pb_text][\/et_pb_column][\/et_pb_row][\/et_pb_section][et_pb_section fb_built=\u00bb1&#8243; admin_label=\u00bbApply\u00bb _builder_version=\u00bb4.19.2&#8243; _module_preset=\u00bbdefault\u00bb custom_padding=\u00bb40px||38px|||\u00bb collapsed=\u00bbon\u00bb global_colors_info=\u00bb{}\u00bb][et_pb_row _builder_version=\u00bb4.19.2&#8243; _module_preset=\u00bbdefault\u00bb custom_padding=\u00bb||10px||false|false\u00bb global_colors_info=\u00bb{}\u00bb][et_pb_column type=\u00bb4_4&#8243; _builder_version=\u00bb4.19.2&#8243; _module_preset=\u00bbdefault\u00bb global_colors_info=\u00bb{}\u00bb][et_pb_text _builder_version=\u00bb4.23.1&#8243; _module_preset=\u00bb2b9b2bb2-66ba-4018-9ed1-65369f6d4287&#8243; global_colors_info=\u00bb{}\u00bb]<\/p>\n<h4>I Cumbre UE-ALC del 29 de junio de 1999 en R\u00edo de Janeiro (Brasil).<\/h4>\n<p>[\/et_pb_text][\/et_pb_column][\/et_pb_row][et_pb_row column_structure=\u00bb3_4,1_4&#8243; _builder_version=\u00bb4.19.2&#8243; _module_preset=\u00bbdefault\u00bb custom_padding=\u00bb0px||||false|false\u00bb border_color_all=\u00bb#000000&#8243; border_width_bottom=\u00bb1px\u00bb global_colors_info=\u00bb{}\u00bb][et_pb_column type=\u00bb3_4&#8243; _builder_version=\u00bb4.19.2&#8243; _module_preset=\u00bbdefault\u00bb global_colors_info=\u00bb{}\u00bb][et_pb_text _builder_version=\u00bb4.23.1&#8243; _module_preset=\u00bbbab5373c-8ea6-431d-81e8-22db81ee8f64&#8243; global_colors_info=\u00bb{}\u00bb]<\/p>\n<p>https:\/\/www.europarl.europa.eu\/cmsdata\/266740\/1999_ES_rio_decl.pdf<\/p>\n<p>[\/et_pb_text][\/et_pb_column][et_pb_column type=\u00bb1_4&#8243; _builder_version=\u00bb4.19.2&#8243; _module_preset=\u00bbdefault\u00bb global_colors_info=\u00bb{}\u00bb][et_pb_button button_url=\u00bbhttps:\/\/www.europarl.europa.eu\/cmsdata\/266740\/1999_ES_rio_decl.pdf\u00bb url_new_window=\u00bbon\u00bb button_text=\u00bbVer detalles\u00bb button_alignment=\u00bbright\u00bb button_alignment_tablet=\u00bbleft\u00bb button_alignment_phone=\u00bbleft\u00bb button_alignment_last_edited=\u00bbon|desktop\u00bb _builder_version=\u00bb4.23.1&#8243; _module_preset=\u00bb6c2f985d-3b7b-4314-83c8-76a8d3cd93e8&#8243; global_colors_info=\u00bb{}\u00bb][\/et_pb_button][\/et_pb_column][\/et_pb_row][\/et_pb_section][et_pb_section fb_built=\u00bb1&#8243; admin_label=\u00bbApply\u00bb _builder_version=\u00bb4.19.2&#8243; _module_preset=\u00bbdefault\u00bb custom_margin=\u00bb-2px|||||\u00bb custom_padding=\u00bb21px||38px|||\u00bb collapsed=\u00bbon\u00bb global_colors_info=\u00bb{}\u00bb][et_pb_row _builder_version=\u00bb4.19.2&#8243; _module_preset=\u00bbdefault\u00bb custom_padding=\u00bb||10px||false|false\u00bb global_colors_info=\u00bb{}\u00bb][et_pb_column type=\u00bb4_4&#8243; _builder_version=\u00bb4.19.2&#8243; _module_preset=\u00bbdefault\u00bb global_colors_info=\u00bb{}\u00bb][et_pb_text _builder_version=\u00bb4.23.1&#8243; _module_preset=\u00bb2b9b2bb2-66ba-4018-9ed1-65369f6d4287&#8243; global_colors_info=\u00bb{}\u00bb]<\/p>\n<h4>II Cumbre UE-ALC del 4 de mayo de 2002 en Madrid (Espa\u00f1a)<\/h4>\n<p>[\/et_pb_text][\/et_pb_column][\/et_pb_row][et_pb_row column_structure=\u00bb3_4,1_4&#8243; _builder_version=\u00bb4.19.2&#8243; _module_preset=\u00bbdefault\u00bb custom_padding=\u00bb0px||||false|false\u00bb border_color_all=\u00bb#000000&#8243; border_width_bottom=\u00bb1px\u00bb global_colors_info=\u00bb{}\u00bb][et_pb_column type=\u00bb3_4&#8243; _builder_version=\u00bb4.19.2&#8243; _module_preset=\u00bbdefault\u00bb global_colors_info=\u00bb{}\u00bb][et_pb_text _builder_version=\u00bb4.23.1&#8243; _module_preset=\u00bbbab5373c-8ea6-431d-81e8-22db81ee8f64&#8243; global_colors_info=\u00bb{}\u00bb]<\/p>\n<p>https:\/\/www.europarl.europa.eu\/cmsdata\/266738\/ii_17_5_2002_madrid_es-2.pdf<\/p>\n<p>[\/et_pb_text][\/et_pb_column][et_pb_column type=\u00bb1_4&#8243; _builder_version=\u00bb4.19.2&#8243; _module_preset=\u00bbdefault\u00bb global_colors_info=\u00bb{}\u00bb][et_pb_button button_url=\u00bbhttps:\/\/www.europarl.europa.eu\/cmsdata\/266738\/ii_17_5_2002_madrid_es-2.pdf\u00bb url_new_window=\u00bbon\u00bb button_text=\u00bbVer detalles\u00bb button_alignment=\u00bbright\u00bb button_alignment_tablet=\u00bbleft\u00bb button_alignment_phone=\u00bbleft\u00bb button_alignment_last_edited=\u00bbon|desktop\u00bb _builder_version=\u00bb4.23.1&#8243; _module_preset=\u00bb6c2f985d-3b7b-4314-83c8-76a8d3cd93e8&#8243; global_colors_info=\u00bb{}\u00bb][\/et_pb_button][\/et_pb_column][\/et_pb_row][\/et_pb_section][et_pb_section fb_built=\u00bb1&#8243; admin_label=\u00bbApply\u00bb _builder_version=\u00bb4.19.2&#8243; _module_preset=\u00bbdefault\u00bb custom_padding=\u00bb14px||38px|||\u00bb collapsed=\u00bbon\u00bb global_colors_info=\u00bb{}\u00bb][et_pb_row _builder_version=\u00bb4.19.2&#8243; _module_preset=\u00bbdefault\u00bb custom_padding=\u00bb||10px||false|false\u00bb global_colors_info=\u00bb{}\u00bb][et_pb_column type=\u00bb4_4&#8243; _builder_version=\u00bb4.19.2&#8243; _module_preset=\u00bbdefault\u00bb global_colors_info=\u00bb{}\u00bb][et_pb_text _builder_version=\u00bb4.23.1&#8243; _module_preset=\u00bb2b9b2bb2-66ba-4018-9ed1-65369f6d4287&#8243; global_colors_info=\u00bb{}\u00bb]<\/p>\n<h4>III Cumbre UE-ALC, Guadalajara (M\u00e9xico), 2 de mayo de 2004<\/h4>\n<p>[\/et_pb_text][\/et_pb_column][\/et_pb_row][et_pb_row column_structure=\u00bb3_4,1_4&#8243; _builder_version=\u00bb4.19.2&#8243; _module_preset=\u00bbdefault\u00bb custom_padding=\u00bb0px||||false|false\u00bb border_color_all=\u00bb#000000&#8243; border_width_bottom=\u00bb1px\u00bb global_colors_info=\u00bb{}\u00bb][et_pb_column type=\u00bb3_4&#8243; _builder_version=\u00bb4.19.2&#8243; _module_preset=\u00bbdefault\u00bb global_colors_info=\u00bb{}\u00bb][et_pb_text _builder_version=\u00bb4.23.1&#8243; _module_preset=\u00bbbab5373c-8ea6-431d-81e8-22db81ee8f64&#8243; global_colors_info=\u00bb{}\u00bb]<\/p>\n<p>https:\/\/www.europarl.europa.eu\/cmsdata\/266736\/2004_guadalajara_es.pdf<\/p>\n<p>[\/et_pb_text][\/et_pb_column][et_pb_column type=\u00bb1_4&#8243; _builder_version=\u00bb4.19.2&#8243; _module_preset=\u00bbdefault\u00bb global_colors_info=\u00bb{}\u00bb][et_pb_button button_url=\u00bbhttps:\/\/www.europarl.europa.eu\/cmsdata\/266736\/2004_guadalajara_es.pdf\u00bb url_new_window=\u00bbon\u00bb button_text=\u00bbVer detalles\u00bb button_alignment=\u00bbright\u00bb button_alignment_tablet=\u00bbleft\u00bb button_alignment_phone=\u00bbleft\u00bb button_alignment_last_edited=\u00bbon|desktop\u00bb _builder_version=\u00bb4.23.1&#8243; _module_preset=\u00bb6c2f985d-3b7b-4314-83c8-76a8d3cd93e8&#8243; global_colors_info=\u00bb{}\u00bb][\/et_pb_button][\/et_pb_column][\/et_pb_row][\/et_pb_section][et_pb_section fb_built=\u00bb1&#8243; admin_label=\u00bbApply\u00bb _builder_version=\u00bb4.19.2&#8243; _module_preset=\u00bbdefault\u00bb custom_padding=\u00bb14px||38px|||\u00bb collapsed=\u00bbon\u00bb global_colors_info=\u00bb{}\u00bb][et_pb_row _builder_version=\u00bb4.19.2&#8243; _module_preset=\u00bbdefault\u00bb custom_padding=\u00bb||10px||false|false\u00bb global_colors_info=\u00bb{}\u00bb][et_pb_column type=\u00bb4_4&#8243; _builder_version=\u00bb4.19.2&#8243; _module_preset=\u00bbdefault\u00bb global_colors_info=\u00bb{}\u00bb][et_pb_text _builder_version=\u00bb4.23.1&#8243; _module_preset=\u00bb2b9b2bb2-66ba-4018-9ed1-65369f6d4287&#8243; global_colors_info=\u00bb{}\u00bb]<\/p>\n<h4>IV Cumbre UE-ALC del 12 de mayo de 2006 en Viena (Austria)<\/h4>\n<p>[\/et_pb_text][\/et_pb_column][\/et_pb_row][et_pb_row column_structure=\u00bb3_4,1_4&#8243; _builder_version=\u00bb4.19.2&#8243; _module_preset=\u00bbdefault\u00bb custom_padding=\u00bb0px||||false|false\u00bb border_color_all=\u00bb#000000&#8243; border_width_bottom=\u00bb1px\u00bb global_colors_info=\u00bb{}\u00bb][et_pb_column type=\u00bb3_4&#8243; _builder_version=\u00bb4.19.2&#8243; _module_preset=\u00bbdefault\u00bb global_colors_info=\u00bb{}\u00bb][et_pb_text _builder_version=\u00bb4.23.1&#8243; _module_preset=\u00bbbab5373c-8ea6-431d-81e8-22db81ee8f64&#8243; global_colors_info=\u00bb{}\u00bb]<\/p>\n<p>https:\/\/www.europarl.europa.eu\/cmsdata\/266734\/Vienna%20Declaration_ES.pdf<\/p>\n<p>[\/et_pb_text][\/et_pb_column][et_pb_column type=\u00bb1_4&#8243; _builder_version=\u00bb4.19.2&#8243; _module_preset=\u00bbdefault\u00bb global_colors_info=\u00bb{}\u00bb][et_pb_button button_url=\u00bbhttps:\/\/www.europarl.europa.eu\/cmsdata\/266734\/Vienna%20Declaration_ES.pdf\u00bb url_new_window=\u00bbon\u00bb button_text=\u00bbVer detalles\u00bb button_alignment=\u00bbright\u00bb button_alignment_tablet=\u00bbleft\u00bb button_alignment_phone=\u00bbleft\u00bb button_alignment_last_edited=\u00bbon|desktop\u00bb _builder_version=\u00bb4.23.1&#8243; _module_preset=\u00bb6c2f985d-3b7b-4314-83c8-76a8d3cd93e8&#8243; global_colors_info=\u00bb{}\u00bb][\/et_pb_button][\/et_pb_column][\/et_pb_row][\/et_pb_section][et_pb_section fb_built=\u00bb1&#8243; admin_label=\u00bbApply\u00bb _builder_version=\u00bb4.19.2&#8243; _module_preset=\u00bbdefault\u00bb custom_padding=\u00bb14px||38px|||\u00bb collapsed=\u00bbon\u00bb global_colors_info=\u00bb{}\u00bb][et_pb_row _builder_version=\u00bb4.19.2&#8243; _module_preset=\u00bbdefault\u00bb custom_padding=\u00bb||10px||false|false\u00bb global_colors_info=\u00bb{}\u00bb][et_pb_column type=\u00bb4_4&#8243; _builder_version=\u00bb4.19.2&#8243; _module_preset=\u00bbdefault\u00bb global_colors_info=\u00bb{}\u00bb][et_pb_text _builder_version=\u00bb4.23.1&#8243; _module_preset=\u00bb2b9b2bb2-66ba-4018-9ed1-65369f6d4287&#8243; global_colors_info=\u00bb{}\u00bb]<\/p>\n<h4>V Cumbre UE-ALC del 16 de mayo de 2018 Lima (Per\u00fa)<\/h4>\n<p>[\/et_pb_text][\/et_pb_column][\/et_pb_row][et_pb_row column_structure=\u00bb3_4,1_4&#8243; _builder_version=\u00bb4.19.2&#8243; _module_preset=\u00bbdefault\u00bb custom_padding=\u00bb0px||||false|false\u00bb border_color_all=\u00bb#000000&#8243; border_width_bottom=\u00bb1px\u00bb global_colors_info=\u00bb{}\u00bb][et_pb_column type=\u00bb3_4&#8243; _builder_version=\u00bb4.19.2&#8243; _module_preset=\u00bbdefault\u00bb global_colors_info=\u00bb{}\u00bb][et_pb_text _builder_version=\u00bb4.23.1&#8243; _module_preset=\u00bbbab5373c-8ea6-431d-81e8-22db81ee8f64&#8243; global_colors_info=\u00bb{}\u00bb]<\/p>\n<p>https:\/\/www.europarl.europa.eu\/cmsdata\/266727\/declar_de_lima_ES.pdf<\/p>\n<p>[\/et_pb_text][\/et_pb_column][et_pb_column type=\u00bb1_4&#8243; _builder_version=\u00bb4.19.2&#8243; _module_preset=\u00bbdefault\u00bb global_colors_info=\u00bb{}\u00bb][et_pb_button button_url=\u00bbhttps:\/\/www.europarl.europa.eu\/cmsdata\/266727\/declar_de_lima_ES.pdf\u00bb url_new_window=\u00bbon\u00bb button_text=\u00bbVer detalles\u00bb button_alignment=\u00bbright\u00bb button_alignment_tablet=\u00bbleft\u00bb button_alignment_phone=\u00bbleft\u00bb button_alignment_last_edited=\u00bbon|desktop\u00bb _builder_version=\u00bb4.23.1&#8243; _module_preset=\u00bb6c2f985d-3b7b-4314-83c8-76a8d3cd93e8&#8243; global_colors_info=\u00bb{}\u00bb][\/et_pb_button][\/et_pb_column][\/et_pb_row][\/et_pb_section][et_pb_section fb_built=\u00bb1&#8243; admin_label=\u00bbApply\u00bb _builder_version=\u00bb4.19.2&#8243; _module_preset=\u00bbdefault\u00bb custom_padding=\u00bb14px||38px|||\u00bb collapsed=\u00bbon\u00bb global_colors_info=\u00bb{}\u00bb][et_pb_row _builder_version=\u00bb4.19.2&#8243; _module_preset=\u00bbdefault\u00bb custom_padding=\u00bb||10px||false|false\u00bb global_colors_info=\u00bb{}\u00bb][et_pb_column type=\u00bb4_4&#8243; _builder_version=\u00bb4.19.2&#8243; _module_preset=\u00bbdefault\u00bb global_colors_info=\u00bb{}\u00bb][et_pb_text _builder_version=\u00bb4.23.1&#8243; _module_preset=\u00bb2b9b2bb2-66ba-4018-9ed1-65369f6d4287&#8243; global_colors_info=\u00bb{}\u00bb]<\/p>\n<h4>VI Cumbre UE-ALC del 18 de mayo de 2010 en Madrid (Espa\u00f1a)<\/h4>\n<p>[\/et_pb_text][\/et_pb_column][\/et_pb_row][et_pb_row column_structure=\u00bb3_4,1_4&#8243; _builder_version=\u00bb4.19.2&#8243; _module_preset=\u00bbdefault\u00bb custom_padding=\u00bb0px||||false|false\u00bb border_color_all=\u00bb#000000&#8243; border_width_bottom=\u00bb1px\u00bb global_colors_info=\u00bb{}\u00bb][et_pb_column type=\u00bb3_4&#8243; _builder_version=\u00bb4.19.2&#8243; _module_preset=\u00bbdefault\u00bb global_colors_info=\u00bb{}\u00bb][et_pb_text _builder_version=\u00bb4.23.1&#8243; _module_preset=\u00bbbab5373c-8ea6-431d-81e8-22db81ee8f64&#8243; global_colors_info=\u00bb{}\u00bb]<\/p>\n<p>https:\/\/www.europarl.europa.eu\/cmsdata\/266719\/declaracion_de_madrid_es.pdf<\/p>\n<p>[\/et_pb_text][\/et_pb_column][et_pb_column type=\u00bb1_4&#8243; _builder_version=\u00bb4.19.2&#8243; _module_preset=\u00bbdefault\u00bb global_colors_info=\u00bb{}\u00bb][et_pb_button button_url=\u00bbhttps:\/\/www.europarl.europa.eu\/cmsdata\/266719\/declaracion_de_madrid_es.pdf\u00bb url_new_window=\u00bbon\u00bb button_text=\u00bbVer detalles\u00bb button_alignment=\u00bbright\u00bb button_alignment_tablet=\u00bbleft\u00bb button_alignment_phone=\u00bbleft\u00bb button_alignment_last_edited=\u00bbon|desktop\u00bb _builder_version=\u00bb4.23.1&#8243; _module_preset=\u00bb6c2f985d-3b7b-4314-83c8-76a8d3cd93e8&#8243; global_colors_info=\u00bb{}\u00bb][\/et_pb_button][\/et_pb_column][\/et_pb_row][\/et_pb_section][et_pb_section fb_built=\u00bb1&#8243; admin_label=\u00bbApply\u00bb _builder_version=\u00bb4.19.2&#8243; _module_preset=\u00bbdefault\u00bb custom_padding=\u00bb14px||38px|||\u00bb collapsed=\u00bbon\u00bb global_colors_info=\u00bb{}\u00bb][et_pb_row _builder_version=\u00bb4.19.2&#8243; _module_preset=\u00bbdefault\u00bb custom_padding=\u00bb||10px||false|false\u00bb global_colors_info=\u00bb{}\u00bb][et_pb_column type=\u00bb4_4&#8243; _builder_version=\u00bb4.19.2&#8243; _module_preset=\u00bbdefault\u00bb global_colors_info=\u00bb{}\u00bb][et_pb_text _builder_version=\u00bb4.23.1&#8243; _module_preset=\u00bb2b9b2bb2-66ba-4018-9ed1-65369f6d4287&#8243; global_colors_info=\u00bb{}\u00bb]<\/p>\n<h4>I Cumbre UE-CELAC del 26 y 27 de enero de 2013 en Santiago (Chile)<\/h4>\n<p>[\/et_pb_text][\/et_pb_column][\/et_pb_row][et_pb_row column_structure=\u00bb3_4,1_4&#8243; _builder_version=\u00bb4.19.2&#8243; _module_preset=\u00bbdefault\u00bb custom_padding=\u00bb0px||||false|false\u00bb border_color_all=\u00bb#000000&#8243; border_width_bottom=\u00bb1px\u00bb global_colors_info=\u00bb{}\u00bb][et_pb_column type=\u00bb3_4&#8243; _builder_version=\u00bb4.19.2&#8243; _module_preset=\u00bbdefault\u00bb global_colors_info=\u00bb{}\u00bb][et_pb_text _builder_version=\u00bb4.23.1&#8243; _module_preset=\u00bbbab5373c-8ea6-431d-81e8-22db81ee8f64&#8243; global_colors_info=\u00bb{}\u00bb]<\/p>\n<p><a href=\"https:\/\/www.europarl.europa.eu\/cmsdata\/266599\/EU-CELAC_Santiago%20Declaration_2013_ES.pdf\">https:\/\/www.europarl.europa.eu\/cmsdata\/266599\/EU-CELAC_Santiago%20Declaration_2013_ES.pdf<\/a><\/p>\n<p><a href=\"https:\/\/www.minrel.gob.cl\/minrel_old\/site\/artic\/20130220\/asocfile\/20130220173254\/plan_de_accion_final_27_enero.pdf\"> https:\/\/www.minrel.gob.cl\/minrel_old\/site\/artic\/20130220\/asocfile\/20130220173254\/plan_de_accion_final_27_enero.pdf<\/a><\/p>\n<p>&nbsp;<\/p>\n<p>[\/et_pb_text][\/et_pb_column][et_pb_column type=\u00bb1_4&#8243; _builder_version=\u00bb4.19.2&#8243; _module_preset=\u00bbdefault\u00bb global_colors_info=\u00bb{}\u00bb][et_pb_button button_url=\u00bbhttps:\/\/www.europarl.europa.eu\/cmsdata\/266599\/EU-CELAC_Santiago%20Declaration_2013_ES.pdf\u00bb url_new_window=\u00bbon\u00bb button_text=\u00bbVer detalles\u00bb button_alignment=\u00bbright\u00bb button_alignment_tablet=\u00bbleft\u00bb button_alignment_phone=\u00bbleft\u00bb button_alignment_last_edited=\u00bbon|desktop\u00bb _builder_version=\u00bb4.23.1&#8243; _module_preset=\u00bb6c2f985d-3b7b-4314-83c8-76a8d3cd93e8&#8243; global_colors_info=\u00bb{}\u00bb][\/et_pb_button][et_pb_button button_url=\u00bbhttps:\/\/www.minrel.gob.cl\/minrel_old\/site\/artic\/20130220\/asocfile\/20130220173254\/plan_de_accion_final_27_enero.pdf\u00bb url_new_window=\u00bbon\u00bb button_text=\u00bbVer detalles\u00bb button_alignment=\u00bbright\u00bb button_alignment_tablet=\u00bbleft\u00bb button_alignment_phone=\u00bbleft\u00bb button_alignment_last_edited=\u00bbon|desktop\u00bb _builder_version=\u00bb4.23.1&#8243; _module_preset=\u00bb6c2f985d-3b7b-4314-83c8-76a8d3cd93e8&#8243; global_colors_info=\u00bb{}\u00bb][\/et_pb_button][\/et_pb_column][\/et_pb_row][\/et_pb_section][et_pb_section fb_built=\u00bb1&#8243; admin_label=\u00bbApply\u00bb _builder_version=\u00bb4.19.2&#8243; _module_preset=\u00bbdefault\u00bb custom_padding=\u00bb14px||38px|||\u00bb collapsed=\u00bbon\u00bb global_colors_info=\u00bb{}\u00bb][et_pb_row _builder_version=\u00bb4.19.2&#8243; _module_preset=\u00bbdefault\u00bb custom_padding=\u00bb||10px||false|false\u00bb global_colors_info=\u00bb{}\u00bb][et_pb_column type=\u00bb4_4&#8243; _builder_version=\u00bb4.19.2&#8243; _module_preset=\u00bbdefault\u00bb global_colors_info=\u00bb{}\u00bb][et_pb_text _builder_version=\u00bb4.23.1&#8243; _module_preset=\u00bb2b9b2bb2-66ba-4018-9ed1-65369f6d4287&#8243; global_colors_info=\u00bb{}\u00bb]<\/p>\n<h4>II Cumbre UE-CELAC del 10 y 11 de junio de 2015 en Bruselas (B\u00e9lgica)<\/h4>\n<p>[\/et_pb_text][\/et_pb_column][\/et_pb_row][et_pb_row column_structure=\u00bb3_4,1_4&#8243; _builder_version=\u00bb4.19.2&#8243; _module_preset=\u00bbdefault\u00bb custom_padding=\u00bb0px||||false|false\u00bb border_color_all=\u00bb#000000&#8243; border_width_bottom=\u00bb1px\u00bb global_colors_info=\u00bb{}\u00bb][et_pb_column type=\u00bb3_4&#8243; _builder_version=\u00bb4.19.2&#8243; _module_preset=\u00bbdefault\u00bb global_colors_info=\u00bb{}\u00bb][et_pb_text _builder_version=\u00bb4.23.1&#8243; _module_preset=\u00bbbab5373c-8ea6-431d-81e8-22db81ee8f64&#8243; global_colors_info=\u00bb{}\u00bb]<\/p>\n<p><a href=\"https:\/\/www.europarl.europa.eu\/cmsdata\/266608\/EU-CELAC%20Political%20declaration_ES.pdf\">https:\/\/www.europarl.europa.eu\/cmsdata\/266608\/EU-CELAC%20Political%20declaration_ES.pdf<\/a><\/p>\n<p><a href=\"https:\/\/www.europarl.europa.eu\/cmsdata\/266601\/EU-CELAC%20Brussels%20Declaration_ES.pdf\"> https:\/\/www.europarl.europa.eu\/cmsdata\/266601\/EU-CELAC%20Brussels%20Declaration_ES.pdf<\/a><\/p>\n<p><a href=\"https:\/\/www.europarl.europa.eu\/cmsdata\/266609\/EU-CELAC%20Action%20plan_ES.pdf\"> https:\/\/www.europarl.europa.eu\/cmsdata\/266609\/EU-CELAC%20Action%20plan_ES.pdf<\/a><\/p>\n<p>&nbsp;<\/p>\n<p>[\/et_pb_text][\/et_pb_column][et_pb_column type=\u00bb1_4&#8243; _builder_version=\u00bb4.19.2&#8243; _module_preset=\u00bbdefault\u00bb global_colors_info=\u00bb{}\u00bb][et_pb_button button_url=\u00bbhttps:\/\/www.europarl.europa.eu\/cmsdata\/266608\/EU-CELAC%20Political%20declaration_ES.pdf\u00bb url_new_window=\u00bbon\u00bb button_text=\u00bbVer detalles\u00bb button_alignment=\u00bbright\u00bb button_alignment_tablet=\u00bbleft\u00bb button_alignment_phone=\u00bbleft\u00bb button_alignment_last_edited=\u00bbon|desktop\u00bb _builder_version=\u00bb4.23.1&#8243; _module_preset=\u00bb6c2f985d-3b7b-4314-83c8-76a8d3cd93e8&#8243; global_colors_info=\u00bb{}\u00bb][\/et_pb_button][et_pb_button button_url=\u00bbhttps:\/\/www.europarl.europa.eu\/cmsdata\/266601\/EU-CELAC%20Brussels%20Declaration_ES.pdf\u00bb url_new_window=\u00bbon\u00bb button_text=\u00bbVer detalles\u00bb button_alignment=\u00bbright\u00bb button_alignment_tablet=\u00bbleft\u00bb button_alignment_phone=\u00bbleft\u00bb button_alignment_last_edited=\u00bbon|desktop\u00bb _builder_version=\u00bb4.23.1&#8243; _module_preset=\u00bb6c2f985d-3b7b-4314-83c8-76a8d3cd93e8&#8243; global_colors_info=\u00bb{}\u00bb][\/et_pb_button][et_pb_button button_url=\u00bbhttps:\/\/www.europarl.europa.eu\/cmsdata\/266609\/EU-CELAC%20Action%20plan_ES.pdf\u00bb url_new_window=\u00bbon\u00bb button_text=\u00bbVer detalles\u00bb button_alignment=\u00bbright\u00bb button_alignment_tablet=\u00bbleft\u00bb button_alignment_phone=\u00bbleft\u00bb button_alignment_last_edited=\u00bbon|desktop\u00bb _builder_version=\u00bb4.23.1&#8243; _module_preset=\u00bb6c2f985d-3b7b-4314-83c8-76a8d3cd93e8&#8243; global_colors_info=\u00bb{}\u00bb][\/et_pb_button][\/et_pb_column][\/et_pb_row][\/et_pb_section][et_pb_section fb_built=\u00bb1&#8243; admin_label=\u00bbApply\u00bb _builder_version=\u00bb4.19.2&#8243; _module_preset=\u00bbdefault\u00bb custom_padding=\u00bb14px||38px|||\u00bb collapsed=\u00bbon\u00bb global_colors_info=\u00bb{}\u00bb][et_pb_row _builder_version=\u00bb4.19.2&#8243; _module_preset=\u00bbdefault\u00bb custom_padding=\u00bb||10px||false|false\u00bb global_colors_info=\u00bb{}\u00bb][et_pb_column type=\u00bb4_4&#8243; _builder_version=\u00bb4.19.2&#8243; _module_preset=\u00bbdefault\u00bb global_colors_info=\u00bb{}\u00bb][et_pb_text _builder_version=\u00bb4.23.1&#8243; _module_preset=\u00bb2b9b2bb2-66ba-4018-9ed1-65369f6d4287&#8243; global_colors_info=\u00bb{}\u00bb]<\/p>\n<h4>III Cumbre UE-CELAC del 17 y 18 de julio de 2023 en Bruselas (B\u00e9lgica)<\/h4>\n<p>[\/et_pb_text][\/et_pb_column][\/et_pb_row][et_pb_row column_structure=\u00bb3_4,1_4&#8243; _builder_version=\u00bb4.19.2&#8243; _module_preset=\u00bbdefault\u00bb custom_padding=\u00bb0px||||false|false\u00bb border_color_all=\u00bb#000000&#8243; border_width_bottom=\u00bb1px\u00bb global_colors_info=\u00bb{}\u00bb][et_pb_column type=\u00bb3_4&#8243; _builder_version=\u00bb4.19.2&#8243; _module_preset=\u00bbdefault\u00bb global_colors_info=\u00bb{}\u00bb][et_pb_text _builder_version=\u00bb4.23.1&#8243; _module_preset=\u00bbbab5373c-8ea6-431d-81e8-22db81ee8f64&#8243; global_colors_info=\u00bb{}\u00bb]<\/p>\n<p>https:\/\/data.consilium.europa.eu\/doc\/document\/ST-12000-2023-REV-1\/es\/pdf<\/p>\n<p>[\/et_pb_text][\/et_pb_column][et_pb_column type=\u00bb1_4&#8243; _builder_version=\u00bb4.19.2&#8243; _module_preset=\u00bbdefault\u00bb global_colors_info=\u00bb{}\u00bb][et_pb_button button_url=\u00bbhttps:\/\/data.consilium.europa.eu\/doc\/document\/ST-12000-2023-REV-1\/es\/pdf\u00bb url_new_window=\u00bbon\u00bb button_text=\u00bbVer detalles\u00bb button_alignment=\u00bbright\u00bb button_alignment_tablet=\u00bbleft\u00bb button_alignment_phone=\u00bbleft\u00bb button_alignment_last_edited=\u00bbon|desktop\u00bb _builder_version=\u00bb4.23.1&#8243; _module_preset=\u00bb6c2f985d-3b7b-4314-83c8-76a8d3cd93e8&#8243; global_colors_info=\u00bb{}\u00bb][\/et_pb_button][\/et_pb_column][\/et_pb_row][\/et_pb_section][et_pb_section fb_built=\u00bb1&#8243; admin_label=\u00bbApply\u00bb _builder_version=\u00bb4.19.2&#8243; _module_preset=\u00bbdefault\u00bb custom_padding=\u00bb28px||21px|||\u00bb collapsed=\u00bbon\u00bb global_colors_info=\u00bb{}\u00bb][et_pb_row _builder_version=\u00bb4.19.2&#8243; _module_preset=\u00bbdefault\u00bb custom_padding=\u00bb||7px|||\u00bb global_colors_info=\u00bb{}\u00bb][et_pb_column type=\u00bb4_4&#8243; _builder_version=\u00bb4.19.2&#8243; _module_preset=\u00bbdefault\u00bb global_colors_info=\u00bb{}\u00bb][et_pb_text _builder_version=\u00bb4.23.1&#8243; _module_preset=\u00bba736a764-d91f-468b-a5b4-24152d852ace\u00bb text_font=\u00bb||||||||\u00bb text_font_size=\u00bb12px\u00bb header_font=\u00bb||||||||\u00bb header_2_font=\u00bbPlayfair Display|600|||||||\u00bb header_2_text_color=\u00bbgcid-7af778dc-119e-4b88-9ee6-23daa28efcfd\u00bb header_2_font_size=\u00bb30px\u00bb text_orientation=\u00bbcenter\u00bb header_2_font_size_last_edited=\u00bboff|desktop\u00bb text_orientation_tablet=\u00bbleft\u00bb text_orientation_phone=\u00bbleft\u00bb text_orientation_last_edited=\u00bbon|tablet\u00bb global_colors_info=\u00bb{%22gcid-7af778dc-119e-4b88-9ee6-23daa28efcfd%22:%91%22header_2_text_color%22%93}\u00bb]<\/p>\n<h2>II) TRATADOS UE-ESQUEMAS DE INTEGRACI\u00d3N LATINOAMERICANOS Y CARIBE\u00d1OS<\/h2>\n<p>[\/et_pb_text][\/et_pb_column][\/et_pb_row][\/et_pb_section][et_pb_section fb_built=\u00bb1&#8243; admin_label=\u00bbApply\u00bb _builder_version=\u00bb4.19.2&#8243; _module_preset=\u00bbdefault\u00bb custom_padding=\u00bb14px||22px|||\u00bb collapsed=\u00bbon\u00bb global_colors_info=\u00bb{}\u00bb][et_pb_row _builder_version=\u00bb4.19.2&#8243; _module_preset=\u00bbdefault\u00bb custom_padding=\u00bb||10px||false|false\u00bb global_colors_info=\u00bb{}\u00bb][et_pb_column type=\u00bb4_4&#8243; _builder_version=\u00bb4.19.2&#8243; _module_preset=\u00bbdefault\u00bb global_colors_info=\u00bb{}\u00bb][et_pb_text _builder_version=\u00bb4.23.1&#8243; _module_preset=\u00bb2b9b2bb2-66ba-4018-9ed1-65369f6d4287&#8243; global_colors_info=\u00bb{}\u00bb]<\/p>\n<h4>Acuerdo de Asociaci\u00f3n entre la Uni\u00f3n Europea y Centroam\u00e9rica<\/h4>\n<p>[\/et_pb_text][\/et_pb_column][\/et_pb_row][et_pb_row column_structure=\u00bb3_4,1_4&#8243; _builder_version=\u00bb4.19.2&#8243; _module_preset=\u00bbdefault\u00bb custom_padding=\u00bb0px||||false|false\u00bb border_color_all=\u00bb#000000&#8243; border_width_bottom=\u00bb1px\u00bb global_colors_info=\u00bb{}\u00bb][et_pb_column type=\u00bb3_4&#8243; _builder_version=\u00bb4.19.2&#8243; _module_preset=\u00bbdefault\u00bb global_colors_info=\u00bb{}\u00bb][et_pb_text _builder_version=\u00bb4.23.1&#8243; _module_preset=\u00bbbab5373c-8ea6-431d-81e8-22db81ee8f64&#8243; global_colors_info=\u00bb{}\u00bb]<\/p>\n<p>https:\/\/eur-lex.europa.eu\/ES\/legal-content\/summary\/association-agreement-between-the-eu-and-central-america.html<\/p>\n<p>[\/et_pb_text][\/et_pb_column][et_pb_column type=\u00bb1_4&#8243; _builder_version=\u00bb4.19.2&#8243; _module_preset=\u00bbdefault\u00bb global_colors_info=\u00bb{}\u00bb][et_pb_button button_url=\u00bbhttps:\/\/eur-lex.europa.eu\/ES\/legal-content\/summary\/association-agreement-between-the-eu-and-central-america.html\u00bb url_new_window=\u00bbon\u00bb button_text=\u00bbVer detalles\u00bb button_alignment=\u00bbright\u00bb button_alignment_tablet=\u00bbleft\u00bb button_alignment_phone=\u00bbleft\u00bb button_alignment_last_edited=\u00bbon|desktop\u00bb _builder_version=\u00bb4.23.1&#8243; _module_preset=\u00bb6c2f985d-3b7b-4314-83c8-76a8d3cd93e8&#8243; global_colors_info=\u00bb{}\u00bb][\/et_pb_button][\/et_pb_column][\/et_pb_row][\/et_pb_section][et_pb_section fb_built=\u00bb1&#8243; admin_label=\u00bbApply\u00bb _builder_version=\u00bb4.19.2&#8243; _module_preset=\u00bbdefault\u00bb custom_padding=\u00bb14px||20px|||\u00bb collapsed=\u00bbon\u00bb global_colors_info=\u00bb{}\u00bb][et_pb_row _builder_version=\u00bb4.19.2&#8243; _module_preset=\u00bbdefault\u00bb custom_padding=\u00bb||10px||false|false\u00bb global_colors_info=\u00bb{}\u00bb][et_pb_column type=\u00bb4_4&#8243; _builder_version=\u00bb4.19.2&#8243; _module_preset=\u00bbdefault\u00bb global_colors_info=\u00bb{}\u00bb][et_pb_text _builder_version=\u00bb4.23.1&#8243; _module_preset=\u00bb2b9b2bb2-66ba-4018-9ed1-65369f6d4287&#8243; global_colors_info=\u00bb{}\u00bb]<\/p>\n<h4>Acuerdo de Asociaci\u00f3n Uni\u00f3n Europea-Mercosur<\/h4>\n<p>[\/et_pb_text][\/et_pb_column][\/et_pb_row][et_pb_row column_structure=\u00bb3_4,1_4&#8243; _builder_version=\u00bb4.19.2&#8243; _module_preset=\u00bbdefault\u00bb custom_padding=\u00bb0px||||false|false\u00bb border_color_all=\u00bb#000000&#8243; border_width_bottom=\u00bb1px\u00bb global_colors_info=\u00bb{}\u00bb][et_pb_column type=\u00bb3_4&#8243; _builder_version=\u00bb4.19.2&#8243; _module_preset=\u00bbdefault\u00bb global_colors_info=\u00bb{}\u00bb][et_pb_text _builder_version=\u00bb4.23.1&#8243; _module_preset=\u00bbbab5373c-8ea6-431d-81e8-22db81ee8f64&#8243; global_colors_info=\u00bb{}\u00bb]<\/p>\n<p>https:\/\/comercio.gob.es\/PoliticaComercialUE\/AcuerdosComerciales\/acuerdoscomerciales\/mercosur\/190628-mercosur-text-ingles.pdf<\/p>\n<p>[\/et_pb_text][\/et_pb_column][et_pb_column type=\u00bb1_4&#8243; _builder_version=\u00bb4.19.2&#8243; _module_preset=\u00bbdefault\u00bb global_colors_info=\u00bb{}\u00bb][et_pb_button button_url=\u00bbhttps:\/\/comercio.gob.es\/PoliticaComercialUE\/AcuerdosComerciales\/acuerdoscomerciales\/mercosur\/190628-mercosur-text-ingles.pdf\u00bb url_new_window=\u00bbon\u00bb button_text=\u00bbVer detalles\u00bb button_alignment=\u00bbright\u00bb button_alignment_tablet=\u00bbleft\u00bb button_alignment_phone=\u00bbleft\u00bb button_alignment_last_edited=\u00bbon|desktop\u00bb _builder_version=\u00bb4.23.1&#8243; _module_preset=\u00bb6c2f985d-3b7b-4314-83c8-76a8d3cd93e8&#8243; global_colors_info=\u00bb{}\u00bb][\/et_pb_button][\/et_pb_column][\/et_pb_row][\/et_pb_section][et_pb_section fb_built=\u00bb1&#8243; admin_label=\u00bbApply\u00bb _builder_version=\u00bb4.19.2&#8243; _module_preset=\u00bbdefault\u00bb custom_padding=\u00bb14px||24px|||\u00bb collapsed=\u00bbon\u00bb global_colors_info=\u00bb{}\u00bb][et_pb_row _builder_version=\u00bb4.19.2&#8243; _module_preset=\u00bbdefault\u00bb custom_padding=\u00bb||10px||false|false\u00bb global_colors_info=\u00bb{}\u00bb][et_pb_column type=\u00bb4_4&#8243; _builder_version=\u00bb4.19.2&#8243; _module_preset=\u00bbdefault\u00bb global_colors_info=\u00bb{}\u00bb][et_pb_text _builder_version=\u00bb4.23.1&#8243; _module_preset=\u00bb2b9b2bb2-66ba-4018-9ed1-65369f6d4287&#8243; global_colors_info=\u00bb{}\u00bb]<\/p>\n<h4>Acuerdo de Asociaci\u00f3n Econ\u00f3mica UE-Cariforum<\/h4>\n<p>[\/et_pb_text][\/et_pb_column][\/et_pb_row][et_pb_row column_structure=\u00bb3_4,1_4&#8243; _builder_version=\u00bb4.19.2&#8243; _module_preset=\u00bbdefault\u00bb custom_padding=\u00bb0px||||false|false\u00bb border_color_all=\u00bb#000000&#8243; border_width_bottom=\u00bb1px\u00bb global_colors_info=\u00bb{}\u00bb][et_pb_column type=\u00bb3_4&#8243; _builder_version=\u00bb4.19.2&#8243; _module_preset=\u00bbdefault\u00bb global_colors_info=\u00bb{}\u00bb][et_pb_text _builder_version=\u00bb4.23.1&#8243; _module_preset=\u00bbbab5373c-8ea6-431d-81e8-22db81ee8f64&#8243; global_colors_info=\u00bb{}\u00bb]<\/p>\n<p>http:\/\/www.sice.oas.org\/trade\/car_eu_epa_e\/car_eu_e.asp<\/p>\n<p>[\/et_pb_text][\/et_pb_column][et_pb_column type=\u00bb1_4&#8243; _builder_version=\u00bb4.19.2&#8243; _module_preset=\u00bbdefault\u00bb global_colors_info=\u00bb{}\u00bb][et_pb_button button_url=\u00bbhttp:\/\/www.sice.oas.org\/trade\/car_eu_epa_e\/car_eu_e.asp\u00bb url_new_window=\u00bbon\u00bb button_text=\u00bbVer detalles\u00bb button_alignment=\u00bbright\u00bb button_alignment_tablet=\u00bbleft\u00bb button_alignment_phone=\u00bbleft\u00bb button_alignment_last_edited=\u00bbon|desktop\u00bb _builder_version=\u00bb4.23.1&#8243; _module_preset=\u00bb6c2f985d-3b7b-4314-83c8-76a8d3cd93e8&#8243; global_colors_info=\u00bb{}\u00bb][\/et_pb_button][\/et_pb_column][\/et_pb_row][\/et_pb_section][et_pb_section fb_built=\u00bb1&#8243; admin_label=\u00bbApply\u00bb _builder_version=\u00bb4.19.2&#8243; _module_preset=\u00bbdefault\u00bb custom_padding=\u00bb14px||24px|||\u00bb collapsed=\u00bbon\u00bb global_colors_info=\u00bb{}\u00bb][et_pb_row _builder_version=\u00bb4.19.2&#8243; _module_preset=\u00bbdefault\u00bb custom_padding=\u00bb||10px||false|false\u00bb global_colors_info=\u00bb{}\u00bb][et_pb_column type=\u00bb4_4&#8243; _builder_version=\u00bb4.19.2&#8243; _module_preset=\u00bbdefault\u00bb global_colors_info=\u00bb{}\u00bb][et_pb_text _builder_version=\u00bb4.23.1&#8243; _module_preset=\u00bb2b9b2bb2-66ba-4018-9ed1-65369f6d4287&#8243; global_colors_info=\u00bb{}\u00bb]<\/p>\n<h4>Estrategia Conjunta de Asociaci\u00f3n UE-Caribe<\/h4>\n<p>[\/et_pb_text][\/et_pb_column][\/et_pb_row][et_pb_row column_structure=\u00bb3_4,1_4&#8243; _builder_version=\u00bb4.19.2&#8243; _module_preset=\u00bbdefault\u00bb custom_padding=\u00bb0px||||false|false\u00bb border_color_all=\u00bb#000000&#8243; border_width_bottom=\u00bb1px\u00bb global_colors_info=\u00bb{}\u00bb][et_pb_column type=\u00bb3_4&#8243; _builder_version=\u00bb4.19.2&#8243; _module_preset=\u00bbdefault\u00bb global_colors_info=\u00bb{}\u00bb][et_pb_text _builder_version=\u00bb4.23.1&#8243; _module_preset=\u00bbbab5373c-8ea6-431d-81e8-22db81ee8f64&#8243; global_colors_info=\u00bb{}\u00bb]<\/p>\n<p>https:\/\/www.consilium.europa.eu\/uedocs\/cms_Data\/docs\/pressdata\/EN\/foraff\/133566.pdf<\/p>\n<p>[\/et_pb_text][\/et_pb_column][et_pb_column type=\u00bb1_4&#8243; _builder_version=\u00bb4.19.2&#8243; _module_preset=\u00bbdefault\u00bb global_colors_info=\u00bb{}\u00bb][et_pb_button button_url=\u00bbhttps:\/\/www.consilium.europa.eu\/uedocs\/cms_Data\/docs\/pressdata\/EN\/foraff\/133566.pdf\u00bb url_new_window=\u00bbon\u00bb button_text=\u00bbVer detalles\u00bb button_alignment=\u00bbright\u00bb button_alignment_tablet=\u00bbleft\u00bb button_alignment_phone=\u00bbleft\u00bb button_alignment_last_edited=\u00bbon|desktop\u00bb _builder_version=\u00bb4.23.1&#8243; _module_preset=\u00bb6c2f985d-3b7b-4314-83c8-76a8d3cd93e8&#8243; global_colors_info=\u00bb{}\u00bb][\/et_pb_button][\/et_pb_column][\/et_pb_row][\/et_pb_section][et_pb_section fb_built=\u00bb1&#8243; admin_label=\u00bbApply\u00bb _builder_version=\u00bb4.19.2&#8243; _module_preset=\u00bbdefault\u00bb custom_padding=\u00bb28px||21px|||\u00bb collapsed=\u00bbon\u00bb global_colors_info=\u00bb{}\u00bb][et_pb_row _builder_version=\u00bb4.19.2&#8243; _module_preset=\u00bbdefault\u00bb custom_padding=\u00bb||7px|||\u00bb global_colors_info=\u00bb{}\u00bb][et_pb_column type=\u00bb4_4&#8243; _builder_version=\u00bb4.19.2&#8243; _module_preset=\u00bbdefault\u00bb global_colors_info=\u00bb{}\u00bb][et_pb_text _builder_version=\u00bb4.23.1&#8243; _module_preset=\u00bba736a764-d91f-468b-a5b4-24152d852ace\u00bb text_font=\u00bb||||||||\u00bb text_font_size=\u00bb12px\u00bb header_font=\u00bb||||||||\u00bb header_2_font=\u00bbPlayfair Display|600|||||||\u00bb header_2_text_color=\u00bbgcid-7af778dc-119e-4b88-9ee6-23daa28efcfd\u00bb header_2_font_size=\u00bb30px\u00bb text_orientation=\u00bbcenter\u00bb header_2_font_size_last_edited=\u00bboff|desktop\u00bb text_orientation_tablet=\u00bbleft\u00bb text_orientation_phone=\u00bbleft\u00bb text_orientation_last_edited=\u00bbon|tablet\u00bb global_colors_info=\u00bb{%22gcid-7af778dc-119e-4b88-9ee6-23daa28efcfd%22:%91%22header_2_text_color%22%93}\u00bb]<\/p>\n<h2>III) TRATADOS UE- PA\u00cdSES LATINOAMERICANOS Y CARIBE\u00d1OS<\/h2>\n<p>[\/et_pb_text][\/et_pb_column][\/et_pb_row][\/et_pb_section][et_pb_section fb_built=\u00bb1&#8243; admin_label=\u00bbApply\u00bb _builder_version=\u00bb4.19.2&#8243; _module_preset=\u00bbdefault\u00bb custom_padding=\u00bb14px||24px|||\u00bb collapsed=\u00bbon\u00bb global_colors_info=\u00bb{}\u00bb][et_pb_row _builder_version=\u00bb4.19.2&#8243; _module_preset=\u00bbdefault\u00bb custom_padding=\u00bb||10px||false|false\u00bb global_colors_info=\u00bb{}\u00bb][et_pb_column type=\u00bb4_4&#8243; _builder_version=\u00bb4.19.2&#8243; _module_preset=\u00bbdefault\u00bb global_colors_info=\u00bb{}\u00bb][et_pb_text _builder_version=\u00bb4.23.1&#8243; _module_preset=\u00bb2b9b2bb2-66ba-4018-9ed1-65369f6d4287&#8243; global_colors_info=\u00bb{}\u00bb]<\/p>\n<h4>El Acuerdo de asociaci\u00f3n econ\u00f3mica, concertaci\u00f3n pol\u00edtica y cooperaci\u00f3n ente M\u00e9xico y la Uni\u00f3n Europea<\/h4>\n<p>[\/et_pb_text][\/et_pb_column][\/et_pb_row][et_pb_row column_structure=\u00bb3_4,1_4&#8243; _builder_version=\u00bb4.19.2&#8243; _module_preset=\u00bbdefault\u00bb custom_padding=\u00bb0px||||false|false\u00bb border_color_all=\u00bb#000000&#8243; border_width_bottom=\u00bb1px\u00bb global_colors_info=\u00bb{}\u00bb][et_pb_column type=\u00bb3_4&#8243; _builder_version=\u00bb4.19.2&#8243; _module_preset=\u00bbdefault\u00bb global_colors_info=\u00bb{}\u00bb][et_pb_text _builder_version=\u00bb4.23.1&#8243; _module_preset=\u00bbbab5373c-8ea6-431d-81e8-22db81ee8f64&#8243; global_colors_info=\u00bb{}\u00bb]<\/p>\n<p>http:\/\/www.sice.oas.org\/Trade\/mex_eu\/spanish\/global_s.asp<\/p>\n<p>[\/et_pb_text][\/et_pb_column][et_pb_column type=\u00bb1_4&#8243; _builder_version=\u00bb4.19.2&#8243; _module_preset=\u00bbdefault\u00bb global_colors_info=\u00bb{}\u00bb][et_pb_button button_url=\u00bbhttp:\/\/www.sice.oas.org\/Trade\/mex_eu\/spanish\/global_s.asp\u00bb url_new_window=\u00bbon\u00bb button_text=\u00bbVer detalles\u00bb button_alignment=\u00bbright\u00bb button_alignment_tablet=\u00bbleft\u00bb button_alignment_phone=\u00bbleft\u00bb button_alignment_last_edited=\u00bbon|desktop\u00bb _builder_version=\u00bb4.23.1&#8243; _module_preset=\u00bb6c2f985d-3b7b-4314-83c8-76a8d3cd93e8&#8243; global_colors_info=\u00bb{}\u00bb][\/et_pb_button][\/et_pb_column][\/et_pb_row][\/et_pb_section][et_pb_section fb_built=\u00bb1&#8243; admin_label=\u00bbApply\u00bb _builder_version=\u00bb4.19.2&#8243; _module_preset=\u00bbdefault\u00bb custom_padding=\u00bb14px||24px|||\u00bb collapsed=\u00bbon\u00bb global_colors_info=\u00bb{}\u00bb][et_pb_row _builder_version=\u00bb4.19.2&#8243; _module_preset=\u00bbdefault\u00bb custom_padding=\u00bb||10px||false|false\u00bb global_colors_info=\u00bb{}\u00bb][et_pb_column type=\u00bb4_4&#8243; _builder_version=\u00bb4.19.2&#8243; _module_preset=\u00bbdefault\u00bb global_colors_info=\u00bb{}\u00bb][et_pb_text _builder_version=\u00bb4.23.1&#8243; _module_preset=\u00bb2b9b2bb2-66ba-4018-9ed1-65369f6d4287&#8243; global_colors_info=\u00bb{}\u00bb]<\/p>\n<h4>Acuerdo de Asociaci\u00f3n entre la Uni\u00f3n Europea y Chile<\/h4>\n<p>[\/et_pb_text][\/et_pb_column][\/et_pb_row][et_pb_row column_structure=\u00bb3_4,1_4&#8243; _builder_version=\u00bb4.19.2&#8243; _module_preset=\u00bbdefault\u00bb custom_padding=\u00bb0px||||false|false\u00bb border_color_all=\u00bb#000000&#8243; border_width_bottom=\u00bb1px\u00bb global_colors_info=\u00bb{}\u00bb][et_pb_column type=\u00bb3_4&#8243; _builder_version=\u00bb4.19.2&#8243; _module_preset=\u00bbdefault\u00bb global_colors_info=\u00bb{}\u00bb][et_pb_text _builder_version=\u00bb4.23.1&#8243; _module_preset=\u00bbbab5373c-8ea6-431d-81e8-22db81ee8f64&#8243; global_colors_info=\u00bb{}\u00bb]<\/p>\n<p>https:\/\/eur-lex.europa.eu\/ES\/legal-content\/summary\/eu-chile-association-agreement.html<\/p>\n<p>[\/et_pb_text][\/et_pb_column][et_pb_column type=\u00bb1_4&#8243; _builder_version=\u00bb4.19.2&#8243; _module_preset=\u00bbdefault\u00bb global_colors_info=\u00bb{}\u00bb][et_pb_button button_url=\u00bbhttps:\/\/eur-lex.europa.eu\/ES\/legal-content\/summary\/eu-chile-association-agreement.html\u00bb url_new_window=\u00bbon\u00bb button_text=\u00bbVer detalles\u00bb button_alignment=\u00bbright\u00bb button_alignment_tablet=\u00bbleft\u00bb button_alignment_phone=\u00bbleft\u00bb button_alignment_last_edited=\u00bbon|desktop\u00bb _builder_version=\u00bb4.23.1&#8243; _module_preset=\u00bb6c2f985d-3b7b-4314-83c8-76a8d3cd93e8&#8243; global_colors_info=\u00bb{}\u00bb][\/et_pb_button][\/et_pb_column][\/et_pb_row][\/et_pb_section][et_pb_section fb_built=\u00bb1&#8243; admin_label=\u00bbApply\u00bb _builder_version=\u00bb4.19.2&#8243; _module_preset=\u00bbdefault\u00bb custom_padding=\u00bb14px||24px|||\u00bb collapsed=\u00bbon\u00bb global_colors_info=\u00bb{}\u00bb][et_pb_row _builder_version=\u00bb4.19.2&#8243; _module_preset=\u00bbdefault\u00bb custom_padding=\u00bb||10px||false|false\u00bb global_colors_info=\u00bb{}\u00bb][et_pb_column type=\u00bb4_4&#8243; _builder_version=\u00bb4.19.2&#8243; _module_preset=\u00bbdefault\u00bb global_colors_info=\u00bb{}\u00bb][et_pb_text _builder_version=\u00bb4.23.1&#8243; _module_preset=\u00bb2b9b2bb2-66ba-4018-9ed1-65369f6d4287&#8243; global_colors_info=\u00bb{}\u00bb]<\/p>\n<h4>Acuerdo comercial entre la Uni\u00f3n Europea y Colombia, el Per\u00fa y Ecuador<\/h4>\n<p>[\/et_pb_text][\/et_pb_column][\/et_pb_row][et_pb_row column_structure=\u00bb3_4,1_4&#8243; _builder_version=\u00bb4.19.2&#8243; _module_preset=\u00bbdefault\u00bb custom_padding=\u00bb0px||||false|false\u00bb border_color_all=\u00bb#000000&#8243; border_width_bottom=\u00bb1px\u00bb global_colors_info=\u00bb{}\u00bb][et_pb_column type=\u00bb3_4&#8243; _builder_version=\u00bb4.19.2&#8243; _module_preset=\u00bbdefault\u00bb global_colors_info=\u00bb{}\u00bb][et_pb_text _builder_version=\u00bb4.23.1&#8243; _module_preset=\u00bbbab5373c-8ea6-431d-81e8-22db81ee8f64&#8243; global_colors_info=\u00bb{}\u00bb]<\/p>\n<p>https:\/\/eur-lex.europa.eu\/ES\/legal-content\/summary\/eu-trade-agreement-with-colombia-peru-and-ecuador.html<\/p>\n<p>[\/et_pb_text][\/et_pb_column][et_pb_column type=\u00bb1_4&#8243; _builder_version=\u00bb4.19.2&#8243; _module_preset=\u00bbdefault\u00bb global_colors_info=\u00bb{}\u00bb][et_pb_button button_url=\u00bbhttps:\/\/eur-lex.europa.eu\/ES\/legal-content\/summary\/eu-trade-agreement-with-colombia-peru-and-ecuador.html\u00bb url_new_window=\u00bbon\u00bb button_text=\u00bbVer detalles\u00bb button_alignment=\u00bbright\u00bb button_alignment_tablet=\u00bbleft\u00bb button_alignment_phone=\u00bbleft\u00bb button_alignment_last_edited=\u00bbon|desktop\u00bb _builder_version=\u00bb4.23.1&#8243; _module_preset=\u00bb6c2f985d-3b7b-4314-83c8-76a8d3cd93e8&#8243; global_colors_info=\u00bb{}\u00bb][\/et_pb_button][\/et_pb_column][\/et_pb_row][\/et_pb_section][et_pb_section fb_built=\u00bb1&#8243; admin_label=\u00bbApply\u00bb _builder_version=\u00bb4.19.2&#8243; _module_preset=\u00bbdefault\u00bb custom_padding=\u00bb14px||24px|||\u00bb collapsed=\u00bbon\u00bb global_colors_info=\u00bb{}\u00bb][et_pb_row _builder_version=\u00bb4.19.2&#8243; _module_preset=\u00bbdefault\u00bb custom_padding=\u00bb||10px||false|false\u00bb global_colors_info=\u00bb{}\u00bb][et_pb_column type=\u00bb4_4&#8243; _builder_version=\u00bb4.19.2&#8243; _module_preset=\u00bbdefault\u00bb global_colors_info=\u00bb{}\u00bb][et_pb_text _builder_version=\u00bb4.23.1&#8243; _module_preset=\u00bb2b9b2bb2-66ba-4018-9ed1-65369f6d4287&#8243; global_colors_info=\u00bb{}\u00bb]<\/p>\n<h4>Hacia una asociaci\u00f3n estrat\u00e9gica UE-Brasil<\/h4>\n<p>[\/et_pb_text][\/et_pb_column][\/et_pb_row][et_pb_row column_structure=\u00bb3_4,1_4&#8243; _builder_version=\u00bb4.19.2&#8243; _module_preset=\u00bbdefault\u00bb custom_padding=\u00bb0px||||false|false\u00bb border_color_all=\u00bb#000000&#8243; border_width_bottom=\u00bb1px\u00bb global_colors_info=\u00bb{}\u00bb][et_pb_column type=\u00bb3_4&#8243; _builder_version=\u00bb4.19.2&#8243; _module_preset=\u00bbdefault\u00bb global_colors_info=\u00bb{}\u00bb][et_pb_text _builder_version=\u00bb4.23.1&#8243; _module_preset=\u00bbbab5373c-8ea6-431d-81e8-22db81ee8f64&#8243; global_colors_info=\u00bb{}\u00bb]<\/p>\n<p>https:\/\/eur-lex.europa.eu\/ES\/legal-content\/summary\/towards-an-eu-brazil-strategic-partnership.html<\/p>\n<p>[\/et_pb_text][\/et_pb_column][et_pb_column type=\u00bb1_4&#8243; _builder_version=\u00bb4.19.2&#8243; _module_preset=\u00bbdefault\u00bb global_colors_info=\u00bb{}\u00bb][et_pb_button button_url=\u00bbhttps:\/\/eur-lex.europa.eu\/ES\/legal-content\/summary\/towards-an-eu-brazil-strategic-partnership.html\u00bb url_new_window=\u00bbon\u00bb button_text=\u00bbVer detalles\u00bb button_alignment=\u00bbright\u00bb button_alignment_tablet=\u00bbleft\u00bb button_alignment_phone=\u00bbleft\u00bb button_alignment_last_edited=\u00bbon|desktop\u00bb _builder_version=\u00bb4.23.1&#8243; _module_preset=\u00bb6c2f985d-3b7b-4314-83c8-76a8d3cd93e8&#8243; global_colors_info=\u00bb{}\u00bb][\/et_pb_button][\/et_pb_column][\/et_pb_row][\/et_pb_section][et_pb_section fb_built=\u00bb1&#8243; admin_label=\u00bbApply\u00bb _builder_version=\u00bb4.19.2&#8243; _module_preset=\u00bbdefault\u00bb custom_padding=\u00bb14px||24px|||\u00bb collapsed=\u00bbon\u00bb global_colors_info=\u00bb{}\u00bb][et_pb_row _builder_version=\u00bb4.19.2&#8243; _module_preset=\u00bbdefault\u00bb custom_padding=\u00bb||10px||false|false\u00bb global_colors_info=\u00bb{}\u00bb][et_pb_column type=\u00bb4_4&#8243; _builder_version=\u00bb4.19.2&#8243; _module_preset=\u00bbdefault\u00bb global_colors_info=\u00bb{}\u00bb][et_pb_text _builder_version=\u00bb4.23.1&#8243; _module_preset=\u00bb2b9b2bb2-66ba-4018-9ed1-65369f6d4287&#8243; global_colors_info=\u00bb{}\u00bb]<\/p>\n<h4>Acuerdo de Di\u00e1logo Pol\u00edtico y Cooperaci\u00f3n, Uni\u00f3n Europea-Cuba<\/h4>\n<p>[\/et_pb_text][\/et_pb_column][\/et_pb_row][et_pb_row column_structure=\u00bb3_4,1_4&#8243; _builder_version=\u00bb4.19.2&#8243; _module_preset=\u00bbdefault\u00bb custom_padding=\u00bb0px||||false|false\u00bb border_color_all=\u00bb#000000&#8243; border_width_bottom=\u00bb1px\u00bb global_colors_info=\u00bb{}\u00bb][et_pb_column type=\u00bb3_4&#8243; _builder_version=\u00bb4.19.2&#8243; _module_preset=\u00bbdefault\u00bb global_colors_info=\u00bb{}\u00bb][et_pb_text _builder_version=\u00bb4.23.1&#8243; _module_preset=\u00bbbab5373c-8ea6-431d-81e8-22db81ee8f64&#8243; global_colors_info=\u00bb{}\u00bb]<\/p>\n<p>https:\/\/eur-lex.europa.eu\/ES\/legal-content\/summary\/political-dialogue-and-cooperation-agreement-with-cuba.html<\/p>\n<p>[\/et_pb_text][\/et_pb_column][et_pb_column type=\u00bb1_4&#8243; _builder_version=\u00bb4.19.2&#8243; _module_preset=\u00bbdefault\u00bb global_colors_info=\u00bb{}\u00bb][et_pb_button button_url=\u00bbhttps:\/\/eur-lex.europa.eu\/ES\/legal-content\/summary\/political-dialogue-and-cooperation-agreement-with-cuba.html\u00bb url_new_window=\u00bbon\u00bb button_text=\u00bbVer detalles\u00bb button_alignment=\u00bbright\u00bb button_alignment_tablet=\u00bbleft\u00bb button_alignment_phone=\u00bbleft\u00bb button_alignment_last_edited=\u00bbon|desktop\u00bb _builder_version=\u00bb4.23.1&#8243; _module_preset=\u00bb6c2f985d-3b7b-4314-83c8-76a8d3cd93e8&#8243; global_colors_info=\u00bb{}\u00bb][\/et_pb_button][\/et_pb_column][\/et_pb_row][\/et_pb_section][et_pb_section fb_built=\u00bb1&#8243; admin_label=\u00bbApply\u00bb _builder_version=\u00bb4.19.2&#8243; _module_preset=\u00bbdefault\u00bb custom_padding=\u00bb28px||21px|||\u00bb collapsed=\u00bbon\u00bb global_colors_info=\u00bb{}\u00bb][et_pb_row _builder_version=\u00bb4.19.2&#8243; _module_preset=\u00bbdefault\u00bb custom_padding=\u00bb||7px|||\u00bb global_colors_info=\u00bb{}\u00bb][et_pb_column type=\u00bb4_4&#8243; _builder_version=\u00bb4.19.2&#8243; _module_preset=\u00bbdefault\u00bb global_colors_info=\u00bb{}\u00bb][et_pb_text _builder_version=\u00bb4.23.1&#8243; _module_preset=\u00bba736a764-d91f-468b-a5b4-24152d852ace\u00bb text_font=\u00bb||||||||\u00bb text_font_size=\u00bb12px\u00bb header_font=\u00bb||||||||\u00bb header_2_font=\u00bbPlayfair Display|600|||||||\u00bb header_2_text_color=\u00bbgcid-7af778dc-119e-4b88-9ee6-23daa28efcfd\u00bb header_2_font_size=\u00bb30px\u00bb text_orientation=\u00bbcenter\u00bb header_2_font_size_last_edited=\u00bboff|desktop\u00bb text_orientation_tablet=\u00bbleft\u00bb text_orientation_phone=\u00bbleft\u00bb text_orientation_last_edited=\u00bbon|tablet\u00bb global_colors_info=\u00bb{%22gcid-7af778dc-119e-4b88-9ee6-23daa28efcfd%22:%91%22header_2_text_color%22%93}\u00bb]<\/p>\n<h2>IV) INFORMACI\u00d3N DE LA UNI\u00d3N EUROPEA<\/h2>\n<p>[\/et_pb_text][\/et_pb_column][\/et_pb_row][\/et_pb_section][et_pb_section fb_built=\u00bb1&#8243; admin_label=\u00bbApply\u00bb _builder_version=\u00bb4.19.2&#8243; _module_preset=\u00bbdefault\u00bb custom_padding=\u00bb14px||24px|||\u00bb collapsed=\u00bbon\u00bb global_colors_info=\u00bb{}\u00bb][et_pb_row _builder_version=\u00bb4.19.2&#8243; _module_preset=\u00bbdefault\u00bb custom_padding=\u00bb||10px||false|false\u00bb global_colors_info=\u00bb{}\u00bb][et_pb_column type=\u00bb4_4&#8243; _builder_version=\u00bb4.19.2&#8243; _module_preset=\u00bbdefault\u00bb global_colors_info=\u00bb{}\u00bb][et_pb_text _builder_version=\u00bb4.23.1&#8243; _module_preset=\u00bb2b9b2bb2-66ba-4018-9ed1-65369f6d4287&#8243; global_colors_info=\u00bb{}\u00bb]<\/p>\n<h4>Parlamento Europeo. Fichas tem\u00e1ticas sobre la Uni\u00f3n Europea: Am\u00e9rica Latina y el Caribe<\/h4>\n<p>[\/et_pb_text][\/et_pb_column][\/et_pb_row][et_pb_row column_structure=\u00bb3_4,1_4&#8243; _builder_version=\u00bb4.19.2&#8243; _module_preset=\u00bbdefault\u00bb custom_padding=\u00bb0px||||false|false\u00bb border_color_all=\u00bb#000000&#8243; border_width_bottom=\u00bb1px\u00bb global_colors_info=\u00bb{}\u00bb][et_pb_column type=\u00bb3_4&#8243; _builder_version=\u00bb4.19.2&#8243; _module_preset=\u00bbdefault\u00bb global_colors_info=\u00bb{}\u00bb][et_pb_text _builder_version=\u00bb4.23.1&#8243; _module_preset=\u00bbbab5373c-8ea6-431d-81e8-22db81ee8f64&#8243; global_colors_info=\u00bb{}\u00bb]<\/p>\n<p>https:\/\/www.europarl.europa.eu\/factsheets\/es\/sheet\/176\/america-latina-y-el-caribe<\/p>\n<p>[\/et_pb_text][\/et_pb_column][et_pb_column type=\u00bb1_4&#8243; _builder_version=\u00bb4.19.2&#8243; _module_preset=\u00bbdefault\u00bb global_colors_info=\u00bb{}\u00bb][et_pb_button button_url=\u00bbhttps:\/\/www.europarl.europa.eu\/factsheets\/es\/sheet\/176\/america-latina-y-el-caribe\u00bb url_new_window=\u00bbon\u00bb button_text=\u00bbVer detalles\u00bb button_alignment=\u00bbright\u00bb button_alignment_tablet=\u00bbleft\u00bb button_alignment_phone=\u00bbleft\u00bb button_alignment_last_edited=\u00bbon|desktop\u00bb _builder_version=\u00bb4.23.1&#8243; _module_preset=\u00bb6c2f985d-3b7b-4314-83c8-76a8d3cd93e8&#8243; global_colors_info=\u00bb{}\u00bb][\/et_pb_button][\/et_pb_column][\/et_pb_row][\/et_pb_section][et_pb_section fb_built=\u00bb1&#8243; admin_label=\u00bbApply\u00bb _builder_version=\u00bb4.19.2&#8243; _module_preset=\u00bbdefault\u00bb custom_padding=\u00bb14px||24px|||\u00bb collapsed=\u00bbon\u00bb global_colors_info=\u00bb{}\u00bb][et_pb_row _builder_version=\u00bb4.19.2&#8243; _module_preset=\u00bbdefault\u00bb custom_padding=\u00bb||10px||false|false\u00bb global_colors_info=\u00bb{}\u00bb][et_pb_column type=\u00bb4_4&#8243; _builder_version=\u00bb4.19.2&#8243; _module_preset=\u00bbdefault\u00bb global_colors_info=\u00bb{}\u00bb][et_pb_text _builder_version=\u00bb4.23.1&#8243; _module_preset=\u00bb2b9b2bb2-66ba-4018-9ed1-65369f6d4287&#8243; global_colors_info=\u00bb{}\u00bb]<\/p>\n<h4>Parlamento Europeo. INFORME sobre las relaciones comerciales UE-Am\u00e9rica Latina<\/h4>\n<p>[\/et_pb_text][\/et_pb_column][\/et_pb_row][et_pb_row column_structure=\u00bb3_4,1_4&#8243; _builder_version=\u00bb4.19.2&#8243; _module_preset=\u00bbdefault\u00bb custom_padding=\u00bb0px||||false|false\u00bb border_color_all=\u00bb#000000&#8243; border_width_bottom=\u00bb1px\u00bb global_colors_info=\u00bb{}\u00bb][et_pb_column type=\u00bb3_4&#8243; _builder_version=\u00bb4.19.2&#8243; _module_preset=\u00bbdefault\u00bb global_colors_info=\u00bb{}\u00bb][et_pb_text _builder_version=\u00bb4.23.1&#8243; _module_preset=\u00bbbab5373c-8ea6-431d-81e8-22db81ee8f64&#8243; global_colors_info=\u00bb{}\u00bb]<\/p>\n<p>https:\/\/www.europarl.europa.eu\/doceo\/document\/A-7-2010-0277_ES.html<\/p>\n<p>[\/et_pb_text][\/et_pb_column][et_pb_column type=\u00bb1_4&#8243; _builder_version=\u00bb4.19.2&#8243; _module_preset=\u00bbdefault\u00bb global_colors_info=\u00bb{}\u00bb][et_pb_button button_url=\u00bbhttps:\/\/www.europarl.europa.eu\/doceo\/document\/A-7-2010-0277_ES.html\u00bb url_new_window=\u00bbon\u00bb button_text=\u00bbVer detalles\u00bb button_alignment=\u00bbright\u00bb button_alignment_tablet=\u00bbleft\u00bb button_alignment_phone=\u00bbleft\u00bb button_alignment_last_edited=\u00bbon|desktop\u00bb _builder_version=\u00bb4.23.1&#8243; _module_preset=\u00bb6c2f985d-3b7b-4314-83c8-76a8d3cd93e8&#8243; global_colors_info=\u00bb{}\u00bb][\/et_pb_button][\/et_pb_column][\/et_pb_row][\/et_pb_section][et_pb_section fb_built=\u00bb1&#8243; admin_label=\u00bbApply\u00bb _builder_version=\u00bb4.19.2&#8243; _module_preset=\u00bbdefault\u00bb custom_padding=\u00bb14px||24px|||\u00bb collapsed=\u00bbon\u00bb global_colors_info=\u00bb{}\u00bb][et_pb_row _builder_version=\u00bb4.19.2&#8243; _module_preset=\u00bbdefault\u00bb custom_padding=\u00bb||10px||false|false\u00bb global_colors_info=\u00bb{}\u00bb][et_pb_column type=\u00bb4_4&#8243; _builder_version=\u00bb4.19.2&#8243; _module_preset=\u00bbdefault\u00bb global_colors_info=\u00bb{}\u00bb][et_pb_text _builder_version=\u00bb4.23.1&#8243; _module_preset=\u00bb2b9b2bb2-66ba-4018-9ed1-65369f6d4287&#8243; global_colors_info=\u00bb{}\u00bb]<\/p>\n<h4>EU-LAC<\/h4>\n<p>[\/et_pb_text][\/et_pb_column][\/et_pb_row][et_pb_row column_structure=\u00bb3_4,1_4&#8243; _builder_version=\u00bb4.19.2&#8243; _module_preset=\u00bbdefault\u00bb custom_padding=\u00bb0px||||false|false\u00bb border_color_all=\u00bb#000000&#8243; border_width_bottom=\u00bb1px\u00bb global_colors_info=\u00bb{}\u00bb][et_pb_column type=\u00bb3_4&#8243; _builder_version=\u00bb4.19.2&#8243; _module_preset=\u00bbdefault\u00bb global_colors_info=\u00bb{}\u00bb][et_pb_text _builder_version=\u00bb4.23.1&#8243; _module_preset=\u00bbbab5373c-8ea6-431d-81e8-22db81ee8f64&#8243; global_colors_info=\u00bb{}\u00bb]<\/p>\n<p>https:\/\/eulacfoundation.org\/system\/files\/es-web-revisando-relaciones-birregionales-eu-lac.pdf<\/p>\n<p>[\/et_pb_text][\/et_pb_column][et_pb_column type=\u00bb1_4&#8243; _builder_version=\u00bb4.19.2&#8243; _module_preset=\u00bbdefault\u00bb global_colors_info=\u00bb{}\u00bb][et_pb_button button_url=\u00bbhttps:\/\/eulacfoundation.org\/system\/files\/es-web-revisando-relaciones-birregionales-eu-lac.pdf\u00bb url_new_window=\u00bbon\u00bb button_text=\u00bbVer detalles\u00bb button_alignment=\u00bbright\u00bb button_alignment_tablet=\u00bbleft\u00bb button_alignment_phone=\u00bbleft\u00bb button_alignment_last_edited=\u00bbon|desktop\u00bb _builder_version=\u00bb4.23.1&#8243; _module_preset=\u00bb6c2f985d-3b7b-4314-83c8-76a8d3cd93e8&#8243; global_colors_info=\u00bb{}\u00bb][\/et_pb_button][\/et_pb_column][\/et_pb_row][\/et_pb_section][et_pb_section fb_built=\u00bb1&#8243; admin_label=\u00bbApply\u00bb _builder_version=\u00bb4.19.2&#8243; _module_preset=\u00bbdefault\u00bb custom_padding=\u00bb28px||21px|||\u00bb collapsed=\u00bbon\u00bb global_colors_info=\u00bb{}\u00bb][et_pb_row _builder_version=\u00bb4.19.2&#8243; _module_preset=\u00bbdefault\u00bb custom_padding=\u00bb||7px|||\u00bb global_colors_info=\u00bb{}\u00bb][et_pb_column type=\u00bb4_4&#8243; _builder_version=\u00bb4.19.2&#8243; _module_preset=\u00bbdefault\u00bb global_colors_info=\u00bb{}\u00bb][et_pb_text _builder_version=\u00bb4.23.1&#8243; _module_preset=\u00bba736a764-d91f-468b-a5b4-24152d852ace\u00bb text_font=\u00bb||||||||\u00bb text_font_size=\u00bb12px\u00bb header_font=\u00bb||||||||\u00bb header_2_font=\u00bbPlayfair Display|600|||||||\u00bb header_2_text_color=\u00bbgcid-7af778dc-119e-4b88-9ee6-23daa28efcfd\u00bb header_2_font_size=\u00bb30px\u00bb text_orientation=\u00bbcenter\u00bb header_2_font_size_last_edited=\u00bboff|desktop\u00bb text_orientation_tablet=\u00bbleft\u00bb text_orientation_phone=\u00bbleft\u00bb text_orientation_last_edited=\u00bbon|tablet\u00bb global_colors_info=\u00bb{%22gcid-7af778dc-119e-4b88-9ee6-23daa28efcfd%22:%91%22header_2_text_color%22%93}\u00bb]<\/p>\n<h2>V) INFORMACI\u00d3N DE CEPAL- COMISI\u00d3N ECON\u00d3MICA PARA AM\u00c9RICA LATINA Y EL CARIBE<\/h2>\n<p>[\/et_pb_text][\/et_pb_column][\/et_pb_row][\/et_pb_section][et_pb_section fb_built=\u00bb1&#8243; admin_label=\u00bbApply\u00bb _builder_version=\u00bb4.19.2&#8243; _module_preset=\u00bbdefault\u00bb custom_padding=\u00bb14px||24px|||\u00bb collapsed=\u00bbon\u00bb global_colors_info=\u00bb{}\u00bb][et_pb_row _builder_version=\u00bb4.19.2&#8243; _module_preset=\u00bbdefault\u00bb custom_padding=\u00bb||10px||false|false\u00bb global_colors_info=\u00bb{}\u00bb][et_pb_column type=\u00bb4_4&#8243; _builder_version=\u00bb4.19.2&#8243; _module_preset=\u00bbdefault\u00bb global_colors_info=\u00bb{}\u00bb][et_pb_text _builder_version=\u00bb4.23.1&#8243; _module_preset=\u00bb2b9b2bb2-66ba-4018-9ed1-65369f6d4287&#8243; global_colors_info=\u00bb{}\u00bb]<\/p>\n<h4>La Uni\u00f3n Europea y Am\u00e9rica Latina y el Caribe. Estrategias convergentes y sostenibles ante la coyuntura global<\/h4>\n<p>[\/et_pb_text][\/et_pb_column][\/et_pb_row][et_pb_row column_structure=\u00bb3_4,1_4&#8243; _builder_version=\u00bb4.19.2&#8243; _module_preset=\u00bbdefault\u00bb custom_padding=\u00bb0px||||false|false\u00bb border_color_all=\u00bb#000000&#8243; border_width_bottom=\u00bb1px\u00bb global_colors_info=\u00bb{}\u00bb][et_pb_column type=\u00bb3_4&#8243; _builder_version=\u00bb4.19.2&#8243; _module_preset=\u00bbdefault\u00bb global_colors_info=\u00bb{}\u00bb][et_pb_text _builder_version=\u00bb4.23.1&#8243; _module_preset=\u00bbbab5373c-8ea6-431d-81e8-22db81ee8f64&#8243; global_colors_info=\u00bb{}\u00bb]<\/p>\n<p>https:\/\/repositorio.cepal.org\/server\/api\/core\/bitstreams\/b447c0cd-48c3-4562-b8f5-7a4437406ab2\/content<\/p>\n<p>[\/et_pb_text][\/et_pb_column][et_pb_column type=\u00bb1_4&#8243; _builder_version=\u00bb4.19.2&#8243; _module_preset=\u00bbdefault\u00bb global_colors_info=\u00bb{}\u00bb][et_pb_button button_url=\u00bbhttps:\/\/repositorio.cepal.org\/server\/api\/core\/bitstreams\/b447c0cd-48c3-4562-b8f5-7a4437406ab2\/content\u00bb url_new_window=\u00bbon\u00bb button_text=\u00bbVer detalles\u00bb button_alignment=\u00bbright\u00bb button_alignment_tablet=\u00bbleft\u00bb button_alignment_phone=\u00bbleft\u00bb button_alignment_last_edited=\u00bbon|desktop\u00bb _builder_version=\u00bb4.23.1&#8243; _module_preset=\u00bb6c2f985d-3b7b-4314-83c8-76a8d3cd93e8&#8243; global_colors_info=\u00bb{}\u00bb][\/et_pb_button][\/et_pb_column][\/et_pb_row][\/et_pb_section][et_pb_section fb_built=\u00bb1&#8243; admin_label=\u00bbApply\u00bb _builder_version=\u00bb4.19.2&#8243; _module_preset=\u00bbdefault\u00bb custom_padding=\u00bb14px||24px|||\u00bb collapsed=\u00bbon\u00bb global_colors_info=\u00bb{}\u00bb][et_pb_row _builder_version=\u00bb4.19.2&#8243; _module_preset=\u00bbdefault\u00bb custom_padding=\u00bb||10px||false|false\u00bb global_colors_info=\u00bb{}\u00bb][et_pb_column type=\u00bb4_4&#8243; _builder_version=\u00bb4.19.2&#8243; _module_preset=\u00bbdefault\u00bb global_colors_info=\u00bb{}\u00bb][et_pb_text _builder_version=\u00bb4.23.1&#8243; _module_preset=\u00bb2b9b2bb2-66ba-4018-9ed1-65369f6d4287&#8243; global_colors_info=\u00bb{}\u00bb]<\/p>\n<h4>Oportunidades para la inversi\u00f3n y la colaboraci\u00f3n entre Am\u00e9rica Latina y el Caribe y la Uni\u00f3n Europea<\/h4>\n<p>[\/et_pb_text][\/et_pb_column][\/et_pb_row][et_pb_row column_structure=\u00bb3_4,1_4&#8243; _builder_version=\u00bb4.19.2&#8243; _module_preset=\u00bbdefault\u00bb custom_padding=\u00bb0px||||false|false\u00bb border_color_all=\u00bb#000000&#8243; border_width_bottom=\u00bb1px\u00bb global_colors_info=\u00bb{}\u00bb][et_pb_column type=\u00bb3_4&#8243; _builder_version=\u00bb4.19.2&#8243; _module_preset=\u00bbdefault\u00bb global_colors_info=\u00bb{}\u00bb][et_pb_text _builder_version=\u00bb4.23.1&#8243; _module_preset=\u00bbbab5373c-8ea6-431d-81e8-22db81ee8f64&#8243; global_colors_info=\u00bb{}\u00bb]<\/p>\n<p>https:\/\/repositorio.cepal.org\/server\/api\/core\/bitstreams\/bb97c7cf-1434-4632-8e6d-182a810fa320\/content<\/p>\n<p>[\/et_pb_text][\/et_pb_column][et_pb_column type=\u00bb1_4&#8243; _builder_version=\u00bb4.19.2&#8243; _module_preset=\u00bbdefault\u00bb global_colors_info=\u00bb{}\u00bb][et_pb_button button_url=\u00bbhttps:\/\/repositorio.cepal.org\/server\/api\/core\/bitstreams\/bb97c7cf-1434-4632-8e6d-182a810fa320\/content\u00bb url_new_window=\u00bbon\u00bb button_text=\u00bbVer detalles\u00bb button_alignment=\u00bbright\u00bb button_alignment_tablet=\u00bbleft\u00bb button_alignment_phone=\u00bbleft\u00bb button_alignment_last_edited=\u00bbon|desktop\u00bb _builder_version=\u00bb4.23.1&#8243; _module_preset=\u00bb6c2f985d-3b7b-4314-83c8-76a8d3cd93e8&#8243; global_colors_info=\u00bb{}\u00bb][\/et_pb_button][\/et_pb_column][\/et_pb_row][\/et_pb_section][et_pb_section fb_built=\u00bb1&#8243; admin_label=\u00bbApply\u00bb _builder_version=\u00bb4.19.2&#8243; _module_preset=\u00bbdefault\u00bb custom_padding=\u00bb14px||24px|||\u00bb collapsed=\u00bbon\u00bb global_colors_info=\u00bb{}\u00bb][et_pb_row _builder_version=\u00bb4.19.2&#8243; _module_preset=\u00bbdefault\u00bb custom_padding=\u00bb||10px||false|false\u00bb global_colors_info=\u00bb{}\u00bb][et_pb_column type=\u00bb4_4&#8243; _builder_version=\u00bb4.19.2&#8243; _module_preset=\u00bbdefault\u00bb global_colors_info=\u00bb{}\u00bb][et_pb_text _builder_version=\u00bb4.23.1&#8243; _module_preset=\u00bb2b9b2bb2-66ba-4018-9ed1-65369f6d4287&#8243; global_colors_info=\u00bb{}\u00bb]<\/p>\n<h4>La Uni\u00f3n Europea y Am\u00e9rica Latina y el Caribe ante la nueva coyuntura econ\u00f3mica y social<\/h4>\n<p>[\/et_pb_text][\/et_pb_column][\/et_pb_row][et_pb_row column_structure=\u00bb3_4,1_4&#8243; _builder_version=\u00bb4.19.2&#8243; _module_preset=\u00bbdefault\u00bb custom_padding=\u00bb0px||||false|false\u00bb border_color_all=\u00bb#000000&#8243; border_width_bottom=\u00bb1px\u00bb global_colors_info=\u00bb{}\u00bb][et_pb_column type=\u00bb3_4&#8243; _builder_version=\u00bb4.19.2&#8243; _module_preset=\u00bbdefault\u00bb global_colors_info=\u00bb{}\u00bb][et_pb_text _builder_version=\u00bb4.23.1&#8243; _module_preset=\u00bbbab5373c-8ea6-431d-81e8-22db81ee8f64&#8243; global_colors_info=\u00bb{}\u00bb]<\/p>\n<p>https:\/\/repositorio.cepal.org\/server\/api\/core\/bitstreams\/c3027716-d721-4775-ba57-1334a522e507\/content<\/p>\n<p>[\/et_pb_text][\/et_pb_column][et_pb_column type=\u00bb1_4&#8243; _builder_version=\u00bb4.19.2&#8243; _module_preset=\u00bbdefault\u00bb global_colors_info=\u00bb{}\u00bb][et_pb_button button_url=\u00bbhttps:\/\/repositorio.cepal.org\/server\/api\/core\/bitstreams\/c3027716-d721-4775-ba57-1334a522e507\/content\u00bb url_new_window=\u00bbon\u00bb button_text=\u00bbVer detalles\u00bb button_alignment=\u00bbright\u00bb button_alignment_tablet=\u00bbleft\u00bb button_alignment_phone=\u00bbleft\u00bb button_alignment_last_edited=\u00bbon|desktop\u00bb _builder_version=\u00bb4.23.1&#8243; _module_preset=\u00bb6c2f985d-3b7b-4314-83c8-76a8d3cd93e8&#8243; global_colors_info=\u00bb{}\u00bb][\/et_pb_button][\/et_pb_column][\/et_pb_row][\/et_pb_section][et_pb_section fb_built=\u00bb1&#8243; admin_label=\u00bbApply\u00bb _builder_version=\u00bb4.19.2&#8243; _module_preset=\u00bbdefault\u00bb custom_padding=\u00bb14px||24px|||\u00bb collapsed=\u00bbon\u00bb global_colors_info=\u00bb{}\u00bb][et_pb_row _builder_version=\u00bb4.19.2&#8243; _module_preset=\u00bbdefault\u00bb custom_padding=\u00bb||10px||false|false\u00bb global_colors_info=\u00bb{}\u00bb][et_pb_column type=\u00bb4_4&#8243; _builder_version=\u00bb4.19.2&#8243; _module_preset=\u00bbdefault\u00bb global_colors_info=\u00bb{}\u00bb][et_pb_text _builder_version=\u00bb4.23.1&#8243; _module_preset=\u00bb2b9b2bb2-66ba-4018-9ed1-65369f6d4287&#8243; global_colors_info=\u00bb{}\u00bb]<\/p>\n<h4>La Uni\u00f3n Europea y Am\u00e9rica Latina y el Caribe: inversiones para el crecimiento, la inclusi\u00f3n social y la sostenibilidad ambiental<\/h4>\n<p>[\/et_pb_text][\/et_pb_column][\/et_pb_row][et_pb_row column_structure=\u00bb3_4,1_4&#8243; _builder_version=\u00bb4.19.2&#8243; _module_preset=\u00bbdefault\u00bb custom_padding=\u00bb0px||||false|false\u00bb border_color_all=\u00bb#000000&#8243; border_width_bottom=\u00bb1px\u00bb global_colors_info=\u00bb{}\u00bb][et_pb_column type=\u00bb3_4&#8243; _builder_version=\u00bb4.19.2&#8243; _module_preset=\u00bbdefault\u00bb global_colors_info=\u00bb{}\u00bb][et_pb_text _builder_version=\u00bb4.23.1&#8243; _module_preset=\u00bbbab5373c-8ea6-431d-81e8-22db81ee8f64&#8243; global_colors_info=\u00bb{}\u00bb]<\/p>\n<p>https:\/\/repositorio.cepal.org\/server\/api\/core\/bitstreams\/ca69467c-bd9d-49d4-a2b3-ee7e73b4fa0e\/content<\/p>\n<p>[\/et_pb_text][\/et_pb_column][et_pb_column type=\u00bb1_4&#8243; _builder_version=\u00bb4.19.2&#8243; _module_preset=\u00bbdefault\u00bb global_colors_info=\u00bb{}\u00bb][et_pb_button button_url=\u00bbhttps:\/\/repositorio.cepal.org\/server\/api\/core\/bitstreams\/ca69467c-bd9d-49d4-a2b3-ee7e73b4fa0e\/content\u00bb url_new_window=\u00bbon\u00bb button_text=\u00bbVer detalles\u00bb button_alignment=\u00bbright\u00bb button_alignment_tablet=\u00bbleft\u00bb button_alignment_phone=\u00bbleft\u00bb button_alignment_last_edited=\u00bbon|desktop\u00bb _builder_version=\u00bb4.23.1&#8243; _module_preset=\u00bb6c2f985d-3b7b-4314-83c8-76a8d3cd93e8&#8243; global_colors_info=\u00bb{}\u00bb][\/et_pb_button][\/et_pb_column][\/et_pb_row][\/et_pb_section][et_pb_section fb_built=\u00bb1&#8243; admin_label=\u00bbApply\u00bb _builder_version=\u00bb4.19.2&#8243; _module_preset=\u00bbdefault\u00bb custom_padding=\u00bb14px||24px|||\u00bb collapsed=\u00bbon\u00bb global_colors_info=\u00bb{}\u00bb][et_pb_row _builder_version=\u00bb4.19.2&#8243; _module_preset=\u00bbdefault\u00bb custom_padding=\u00bb||10px||false|false\u00bb global_colors_info=\u00bb{}\u00bb][et_pb_column type=\u00bb4_4&#8243; _builder_version=\u00bb4.19.2&#8243; _module_preset=\u00bbdefault\u00bb global_colors_info=\u00bb{}\u00bb][et_pb_text _builder_version=\u00bb4.23.1&#8243; _module_preset=\u00bb2b9b2bb2-66ba-4018-9ed1-65369f6d4287&#8243; global_colors_info=\u00bb{}\u00bb]<\/p>\n<h4>La Uni\u00f3n Europea y Am\u00e9rica Latina y el Caribe ante la Agenda 2030 para el Desarrollo Sostenible: el gran impulso ambiental<\/h4>\n<p>[\/et_pb_text][\/et_pb_column][\/et_pb_row][et_pb_row column_structure=\u00bb3_4,1_4&#8243; _builder_version=\u00bb4.19.2&#8243; _module_preset=\u00bbdefault\u00bb custom_padding=\u00bb0px||||false|false\u00bb border_color_all=\u00bb#000000&#8243; border_width_bottom=\u00bb1px\u00bb global_colors_info=\u00bb{}\u00bb][et_pb_column type=\u00bb3_4&#8243; _builder_version=\u00bb4.19.2&#8243; _module_preset=\u00bbdefault\u00bb global_colors_info=\u00bb{}\u00bb][et_pb_text _builder_version=\u00bb4.23.1&#8243; _module_preset=\u00bbbab5373c-8ea6-431d-81e8-22db81ee8f64&#8243; global_colors_info=\u00bb{}\u00bb]<\/p>\n<p>https:\/\/repositorio.cepal.org\/server\/api\/core\/bitstreams\/0d39f876-48f6-4f36-9895-d23a3dbcb2d3\/content<\/p>\n<p>[\/et_pb_text][\/et_pb_column][et_pb_column type=\u00bb1_4&#8243; _builder_version=\u00bb4.19.2&#8243; _module_preset=\u00bbdefault\u00bb global_colors_info=\u00bb{}\u00bb][et_pb_button button_url=\u00bbhttps:\/\/repositorio.cepal.org\/server\/api\/core\/bitstreams\/0d39f876-48f6-4f36-9895-d23a3dbcb2d3\/content\u00bb url_new_window=\u00bbon\u00bb button_text=\u00bbVer detalles\u00bb button_alignment=\u00bbright\u00bb button_alignment_tablet=\u00bbleft\u00bb button_alignment_phone=\u00bbleft\u00bb button_alignment_last_edited=\u00bbon|desktop\u00bb _builder_version=\u00bb4.23.1&#8243; _module_preset=\u00bb6c2f985d-3b7b-4314-83c8-76a8d3cd93e8&#8243; global_colors_info=\u00bb{}\u00bb][\/et_pb_button][\/et_pb_column][\/et_pb_row][\/et_pb_section][et_pb_section fb_built=\u00bb1&#8243; admin_label=\u00bbApply\u00bb _builder_version=\u00bb4.19.2&#8243; _module_preset=\u00bbdefault\u00bb custom_padding=\u00bb14px||24px|||\u00bb collapsed=\u00bbon\u00bb global_colors_info=\u00bb{}\u00bb][et_pb_row _builder_version=\u00bb4.19.2&#8243; _module_preset=\u00bbdefault\u00bb custom_padding=\u00bb||10px||false|false\u00bb global_colors_info=\u00bb{}\u00bb][et_pb_column type=\u00bb4_4&#8243; _builder_version=\u00bb4.19.2&#8243; _module_preset=\u00bbdefault\u00bb global_colors_info=\u00bb{}\u00bb][et_pb_text _builder_version=\u00bb4.23.1&#8243; _module_preset=\u00bb2b9b2bb2-66ba-4018-9ed1-65369f6d4287&#8243; global_colors_info=\u00bb{}\u00bb]<\/p>\n<h4>La cooperaci\u00f3n entre Am\u00e9rica Latina y la Uni\u00f3n Europea: una asociaci\u00f3n para el desarrollo<\/h4>\n<p>[\/et_pb_text][\/et_pb_column][\/et_pb_row][et_pb_row column_structure=\u00bb3_4,1_4&#8243; _builder_version=\u00bb4.19.2&#8243; _module_preset=\u00bbdefault\u00bb custom_padding=\u00bb0px||||false|false\u00bb border_color_all=\u00bb#000000&#8243; border_width_bottom=\u00bb1px\u00bb global_colors_info=\u00bb{}\u00bb][et_pb_column type=\u00bb3_4&#8243; _builder_version=\u00bb4.19.2&#8243; _module_preset=\u00bbdefault\u00bb global_colors_info=\u00bb{}\u00bb][et_pb_text _builder_version=\u00bb4.23.1&#8243; _module_preset=\u00bbbab5373c-8ea6-431d-81e8-22db81ee8f64&#8243; global_colors_info=\u00bb{}\u00bb]<\/p>\n<p>https:\/\/repositorio.cepal.org\/server\/api\/core\/bitstreams\/99dfdfd9-ed30-4d95-a1c8-f469531b1e45\/content<\/p>\n<p>[\/et_pb_text][\/et_pb_column][et_pb_column type=\u00bb1_4&#8243; _builder_version=\u00bb4.19.2&#8243; _module_preset=\u00bbdefault\u00bb global_colors_info=\u00bb{}\u00bb][et_pb_button button_url=\u00bbhttps:\/\/repositorio.cepal.org\/server\/api\/core\/bitstreams\/99dfdfd9-ed30-4d95-a1c8-f469531b1e45\/content\u00bb url_new_window=\u00bbon\u00bb button_text=\u00bbVer detalles\u00bb button_alignment=\u00bbright\u00bb button_alignment_tablet=\u00bbleft\u00bb button_alignment_phone=\u00bbleft\u00bb button_alignment_last_edited=\u00bbon|desktop\u00bb _builder_version=\u00bb4.23.1&#8243; _module_preset=\u00bb6c2f985d-3b7b-4314-83c8-76a8d3cd93e8&#8243; global_colors_info=\u00bb{}\u00bb][\/et_pb_button][\/et_pb_column][\/et_pb_row][\/et_pb_section][et_pb_section fb_built=\u00bb1&#8243; admin_label=\u00bbApply\u00bb _builder_version=\u00bb4.19.2&#8243; _module_preset=\u00bbdefault\u00bb custom_padding=\u00bb14px||24px|||\u00bb collapsed=\u00bbon\u00bb global_colors_info=\u00bb{}\u00bb][et_pb_row _builder_version=\u00bb4.19.2&#8243; _module_preset=\u00bbdefault\u00bb custom_padding=\u00bb||10px||false|false\u00bb global_colors_info=\u00bb{}\u00bb][et_pb_column type=\u00bb4_4&#8243; _builder_version=\u00bb4.19.2&#8243; _module_preset=\u00bbdefault\u00bb global_colors_info=\u00bb{}\u00bb][et_pb_text _builder_version=\u00bb4.23.1&#8243; _module_preset=\u00bb2b9b2bb2-66ba-4018-9ed1-65369f6d4287&#8243; global_colors_info=\u00bb{}\u00bb]<\/p>\n<h4>En busca de una asociaci\u00f3n renovada entre Am\u00e9rica Latina y el Caribe y la Uni\u00f3n Europea<\/h4>\n<p>[\/et_pb_text][\/et_pb_column][\/et_pb_row][et_pb_row column_structure=\u00bb3_4,1_4&#8243; _builder_version=\u00bb4.19.2&#8243; _module_preset=\u00bbdefault\u00bb custom_padding=\u00bb0px||||false|false\u00bb border_color_all=\u00bb#000000&#8243; border_width_bottom=\u00bb1px\u00bb global_colors_info=\u00bb{}\u00bb][et_pb_column type=\u00bb3_4&#8243; _builder_version=\u00bb4.19.2&#8243; _module_preset=\u00bbdefault\u00bb global_colors_info=\u00bb{}\u00bb][et_pb_text _builder_version=\u00bb4.23.1&#8243; _module_preset=\u00bbbab5373c-8ea6-431d-81e8-22db81ee8f64&#8243; global_colors_info=\u00bb{}\u00bb]<\/p>\n<p>https:\/\/repositorio.cepal.org\/server\/api\/core\/bitstreams\/7e895198-692b-488e-85c8-2d738419b64e\/content<\/p>\n<p>[\/et_pb_text][\/et_pb_column][et_pb_column type=\u00bb1_4&#8243; _builder_version=\u00bb4.19.2&#8243; _module_preset=\u00bbdefault\u00bb global_colors_info=\u00bb{}\u00bb][et_pb_button button_url=\u00bbhttps:\/\/repositorio.cepal.org\/server\/api\/core\/bitstreams\/7e895198-692b-488e-85c8-2d738419b64e\/content\u00bb url_new_window=\u00bbon\u00bb button_text=\u00bbVer detalles\u00bb button_alignment=\u00bbright\u00bb button_alignment_tablet=\u00bbleft\u00bb button_alignment_phone=\u00bbleft\u00bb button_alignment_last_edited=\u00bbon|desktop\u00bb _builder_version=\u00bb4.23.1&#8243; _module_preset=\u00bb6c2f985d-3b7b-4314-83c8-76a8d3cd93e8&#8243; global_colors_info=\u00bb{}\u00bb][\/et_pb_button][\/et_pb_column][\/et_pb_row][\/et_pb_section][et_pb_section fb_built=\u00bb1&#8243; admin_label=\u00bbApply\u00bb _builder_version=\u00bb4.19.2&#8243; _module_preset=\u00bbdefault\u00bb custom_padding=\u00bb28px||21px|||\u00bb collapsed=\u00bbon\u00bb global_colors_info=\u00bb{}\u00bb][et_pb_row _builder_version=\u00bb4.19.2&#8243; _module_preset=\u00bbdefault\u00bb custom_padding=\u00bb||7px|||\u00bb global_colors_info=\u00bb{}\u00bb][et_pb_column type=\u00bb4_4&#8243; _builder_version=\u00bb4.19.2&#8243; _module_preset=\u00bbdefault\u00bb global_colors_info=\u00bb{}\u00bb][et_pb_text _builder_version=\u00bb4.23.1&#8243; _module_preset=\u00bba736a764-d91f-468b-a5b4-24152d852ace\u00bb text_font=\u00bb||||||||\u00bb text_font_size=\u00bb12px\u00bb header_font=\u00bb||||||||\u00bb header_2_font=\u00bbPlayfair Display|600|||||||\u00bb header_2_text_color=\u00bbgcid-7af778dc-119e-4b88-9ee6-23daa28efcfd\u00bb header_2_font_size=\u00bb30px\u00bb text_orientation=\u00bbcenter\u00bb header_2_font_size_last_edited=\u00bboff|desktop\u00bb text_orientation_tablet=\u00bbleft\u00bb text_orientation_phone=\u00bbleft\u00bb text_orientation_last_edited=\u00bbon|tablet\u00bb global_colors_info=\u00bb{%22gcid-7af778dc-119e-4b88-9ee6-23daa28efcfd%22:%91%22header_2_text_color%22%93}\u00bb]<\/p>\n<h2>VI) ALGUNAS NOTAS BIBLIOGR\u00c1FICAS<\/h2>\n<p>[\/et_pb_text][\/et_pb_column][\/et_pb_row][\/et_pb_section][et_pb_section fb_built=\u00bb1&#8243; admin_label=\u00bbApply\u00bb _builder_version=\u00bb4.19.2&#8243; _module_preset=\u00bbdefault\u00bb custom_padding=\u00bb14px||24px|||\u00bb collapsed=\u00bbon\u00bb global_colors_info=\u00bb{}\u00bb][et_pb_row _builder_version=\u00bb4.19.2&#8243; _module_preset=\u00bbdefault\u00bb custom_padding=\u00bb||10px||false|false\u00bb global_colors_info=\u00bb{}\u00bb][et_pb_column type=\u00bb4_4&#8243; _builder_version=\u00bb4.19.2&#8243; _module_preset=\u00bbdefault\u00bb global_colors_info=\u00bb{}\u00bb][et_pb_text _builder_version=\u00bb4.23.1&#8243; _module_preset=\u00bb2b9b2bb2-66ba-4018-9ed1-65369f6d4287&#8243; global_colors_info=\u00bb{}\u00bb]<\/p>\n<h4><span>Veinte a\u00f1os de relaciones estrat\u00e9gicas de la Uni\u00f3n Europea con Am\u00e9rica Latina y el Caribe (1999-2019): an\u00e1lisis de la evoluci\u00f3n de sus \u201ctres pilares\u201d fundamentales<\/span><\/h4>\n<p>[\/et_pb_text][\/et_pb_column][\/et_pb_row][et_pb_row column_structure=\u00bb3_4,1_4&#8243; _builder_version=\u00bb4.19.2&#8243; _module_preset=\u00bbdefault\u00bb custom_padding=\u00bb0px||||false|false\u00bb border_color_all=\u00bb#000000&#8243; border_width_bottom=\u00bb1px\u00bb global_colors_info=\u00bb{}\u00bb][et_pb_column type=\u00bb3_4&#8243; _builder_version=\u00bb4.19.2&#8243; _module_preset=\u00bbdefault\u00bb global_colors_info=\u00bb{}\u00bb][et_pb_text _builder_version=\u00bb4.23.1&#8243; _module_preset=\u00bbbab5373c-8ea6-431d-81e8-22db81ee8f64&#8243; global_colors_info=\u00bb{}\u00bb]<\/p>\n<p>https:\/\/www.scielo.org.mx\/scielo.php?script=sci_arttext&#038;pid=S0185-013X2020000301121<\/p>\n<p>[\/et_pb_text][\/et_pb_column][et_pb_column type=\u00bb1_4&#8243; _builder_version=\u00bb4.19.2&#8243; _module_preset=\u00bbdefault\u00bb global_colors_info=\u00bb{}\u00bb][et_pb_button button_url=\u00bbhttps:\/\/www.scielo.org.mx\/scielo.php?script=sci_arttext&#038;pid=S0185-013X2020000301121&#8243; url_new_window=\u00bbon\u00bb button_text=\u00bbVer detalles\u00bb button_alignment=\u00bbright\u00bb button_alignment_tablet=\u00bbleft\u00bb button_alignment_phone=\u00bbleft\u00bb button_alignment_last_edited=\u00bbon|desktop\u00bb _builder_version=\u00bb4.23.1&#8243; _module_preset=\u00bb6c2f985d-3b7b-4314-83c8-76a8d3cd93e8&#8243; global_colors_info=\u00bb{}\u00bb][\/et_pb_button][\/et_pb_column][\/et_pb_row][\/et_pb_section][et_pb_section fb_built=\u00bb1&#8243; admin_label=\u00bbApply\u00bb _builder_version=\u00bb4.19.2&#8243; _module_preset=\u00bbdefault\u00bb custom_padding=\u00bb14px||24px|||\u00bb collapsed=\u00bbon\u00bb global_colors_info=\u00bb{}\u00bb][et_pb_row _builder_version=\u00bb4.19.2&#8243; _module_preset=\u00bbdefault\u00bb custom_padding=\u00bb||10px||false|false\u00bb global_colors_info=\u00bb{}\u00bb][et_pb_column type=\u00bb4_4&#8243; _builder_version=\u00bb4.19.2&#8243; _module_preset=\u00bbdefault\u00bb global_colors_info=\u00bb{}\u00bb][et_pb_text _builder_version=\u00bb4.23.1&#8243; _module_preset=\u00bb2b9b2bb2-66ba-4018-9ed1-65369f6d4287&#8243; global_colors_info=\u00bb{}\u00bb]<\/p>\n<h4>Las relaciones econ\u00f3micas entre Am\u00e9rica Latina y la Uni\u00f3n Europea.Autor:<br \/>Jos\u00e9 Antonio Ocampo y Mar\u00eda \u00c1ngela Parra<\/h4>\n<p>[\/et_pb_text][\/et_pb_column][\/et_pb_row][et_pb_row column_structure=\u00bb3_4,1_4&#8243; _builder_version=\u00bb4.19.2&#8243; _module_preset=\u00bbdefault\u00bb custom_padding=\u00bb0px||||false|false\u00bb border_color_all=\u00bb#000000&#8243; border_width_bottom=\u00bb1px\u00bb global_colors_info=\u00bb{}\u00bb][et_pb_column type=\u00bb3_4&#8243; _builder_version=\u00bb4.19.2&#8243; _module_preset=\u00bbdefault\u00bb global_colors_info=\u00bb{}\u00bb][et_pb_text _builder_version=\u00bb4.23.1&#8243; _module_preset=\u00bbbab5373c-8ea6-431d-81e8-22db81ee8f64&#8243; global_colors_info=\u00bb{}\u00bb]<\/p>\n<p>https:\/\/www.cidob.org\/es\/articulos\/revista_cidob_d_afers_internacionals\/las_relaciones_economicas_entre_america_latina_y_la_union_europea<\/p>\n<p>[\/et_pb_text][\/et_pb_column][et_pb_column type=\u00bb1_4&#8243; _builder_version=\u00bb4.19.2&#8243; _module_preset=\u00bbdefault\u00bb global_colors_info=\u00bb{}\u00bb][et_pb_button button_url=\u00bbhttps:\/\/www.cidob.org\/es\/articulos\/revista_cidob_d_afers_internacionals\/las_relaciones_economicas_entre_america_latina_y_la_union_europea\u00bb url_new_window=\u00bbon\u00bb button_text=\u00bbVer detalles\u00bb button_alignment=\u00bbright\u00bb button_alignment_tablet=\u00bbleft\u00bb button_alignment_phone=\u00bbleft\u00bb button_alignment_last_edited=\u00bbon|desktop\u00bb _builder_version=\u00bb4.23.1&#8243; _module_preset=\u00bb6c2f985d-3b7b-4314-83c8-76a8d3cd93e8&#8243; global_colors_info=\u00bb{}\u00bb][\/et_pb_button][\/et_pb_column][\/et_pb_row][\/et_pb_section][et_pb_section fb_built=\u00bb1&#8243; admin_label=\u00bbApply\u00bb _builder_version=\u00bb4.19.2&#8243; _module_preset=\u00bbdefault\u00bb custom_padding=\u00bb14px||24px|||\u00bb collapsed=\u00bbon\u00bb global_colors_info=\u00bb{}\u00bb][et_pb_row _builder_version=\u00bb4.19.2&#8243; _module_preset=\u00bbdefault\u00bb custom_padding=\u00bb||10px||false|false\u00bb global_colors_info=\u00bb{}\u00bb][et_pb_column type=\u00bb4_4&#8243; _builder_version=\u00bb4.19.2&#8243; _module_preset=\u00bbdefault\u00bb global_colors_info=\u00bb{}\u00bb][et_pb_text _builder_version=\u00bb4.23.1&#8243; _module_preset=\u00bb2b9b2bb2-66ba-4018-9ed1-65369f6d4287&#8243; global_colors_info=\u00bb{}\u00bb]<\/p>\n<h4>Las prioridades en las relaciones Uni\u00f3n Europea-Am\u00e9rica Latina seg\u00fan los protagonistas<\/h4>\n<p>[\/et_pb_text][\/et_pb_column][\/et_pb_row][et_pb_row column_structure=\u00bb3_4,1_4&#8243; _builder_version=\u00bb4.19.2&#8243; _module_preset=\u00bbdefault\u00bb custom_padding=\u00bb0px||||false|false\u00bb border_color_all=\u00bb#000000&#8243; border_width_bottom=\u00bb1px\u00bb global_colors_info=\u00bb{}\u00bb][et_pb_column type=\u00bb3_4&#8243; _builder_version=\u00bb4.19.2&#8243; _module_preset=\u00bbdefault\u00bb global_colors_info=\u00bb{}\u00bb][et_pb_text _builder_version=\u00bb4.23.1&#8243; _module_preset=\u00bbbab5373c-8ea6-431d-81e8-22db81ee8f64&#8243; global_colors_info=\u00bb{}\u00bb]<\/p>\n<p>https:\/\/www.realinstitutoelcano.org\/analisis\/las-prioridades-en-las-relaciones-union-europea-america-latina-segun-los-protagonistas\/<\/p>\n<p>[\/et_pb_text][\/et_pb_column][et_pb_column type=\u00bb1_4&#8243; _builder_version=\u00bb4.19.2&#8243; _module_preset=\u00bbdefault\u00bb global_colors_info=\u00bb{}\u00bb][et_pb_button button_url=\u00bbhttps:\/\/www.realinstitutoelcano.org\/analisis\/las-prioridades-en-las-relaciones-union-europea-america-latina-segun-los-protagonistas\/\u00bb url_new_window=\u00bbon\u00bb button_text=\u00bbVer detalles\u00bb button_alignment=\u00bbright\u00bb button_alignment_tablet=\u00bbleft\u00bb button_alignment_phone=\u00bbleft\u00bb button_alignment_last_edited=\u00bbon|desktop\u00bb _builder_version=\u00bb4.23.1&#8243; _module_preset=\u00bb6c2f985d-3b7b-4314-83c8-76a8d3cd93e8&#8243; global_colors_info=\u00bb{}\u00bb][\/et_pb_button][\/et_pb_column][\/et_pb_row][\/et_pb_section][et_pb_section fb_built=\u00bb1&#8243; admin_label=\u00bbApply\u00bb _builder_version=\u00bb4.19.2&#8243; _module_preset=\u00bbdefault\u00bb custom_padding=\u00bb28px||21px|||\u00bb collapsed=\u00bbon\u00bb global_colors_info=\u00bb{}\u00bb][et_pb_row _builder_version=\u00bb4.19.2&#8243; _module_preset=\u00bbdefault\u00bb custom_padding=\u00bb||7px|||\u00bb global_colors_info=\u00bb{}\u00bb][et_pb_column type=\u00bb4_4&#8243; _builder_version=\u00bb4.19.2&#8243; _module_preset=\u00bbdefault\u00bb global_colors_info=\u00bb{}\u00bb][et_pb_text _builder_version=\u00bb4.23.1&#8243; _module_preset=\u00bba736a764-d91f-468b-a5b4-24152d852ace\u00bb text_font=\u00bb||||||||\u00bb text_font_size=\u00bb12px\u00bb header_font=\u00bb||||||||\u00bb header_2_font=\u00bbPlayfair Display|600|||||||\u00bb header_2_text_color=\u00bbgcid-7af778dc-119e-4b88-9ee6-23daa28efcfd\u00bb header_2_font_size=\u00bb30px\u00bb text_orientation=\u00bbcenter\u00bb header_2_font_size_last_edited=\u00bboff|desktop\u00bb text_orientation_tablet=\u00bbleft\u00bb text_orientation_phone=\u00bbleft\u00bb text_orientation_last_edited=\u00bbon|tablet\u00bb global_colors_info=\u00bb{%22gcid-7af778dc-119e-4b88-9ee6-23daa28efcfd%22:%91%22header_2_text_color%22%93}\u00bb]<\/p>\n<h2>VII) VIDEOS<\/h2>\n<p>[\/et_pb_text][\/et_pb_column][\/et_pb_row][\/et_pb_section][et_pb_section fb_built=\u00bb1&#8243; _builder_version=\u00bb4.23.1&#8243; _module_preset=\u00bbdefault\u00bb global_colors_info=\u00bb{}\u00bb][et_pb_row _builder_version=\u00bb4.23.1&#8243; _module_preset=\u00bbdefault\u00bb global_colors_info=\u00bb{}\u00bb][et_pb_column type=\u00bb4_4&#8243; _builder_version=\u00bb4.23.1&#8243; _module_preset=\u00bbdefault\u00bb global_colors_info=\u00bb{}\u00bb][et_pb_video src=\u00bbhttps:\/\/www.youtube.com\/watch?v=2DSOqiXFfoc&#038;ab_channel=Fund.AcademiaEuropeaeIberoamericanadeYuste\u00bb _builder_version=\u00bb4.23.1&#8243; _module_preset=\u00bbdefault\u00bb global_colors_info=\u00bb{}\u00bb][\/et_pb_video][et_pb_text _builder_version=\u00bb4.23.1&#8243; _module_preset=\u00bbbab5373c-8ea6-431d-81e8-22db81ee8f64&#8243; text_orientation=\u00bbcenter\u00bb global_colors_info=\u00bb{}\u00bb]<\/p>\n<p><span>CAMPUS YUSTE 2017 \u00abPerspectivas, estrategias y desaf\u00edos de la UE: El sue\u00f1o europeo en el nuevo contexto global y los retos de una europa vertebrada.\u00bb<\/span><\/p>\n<p><span>Castor D\u00edaz Barrado. Catedr\u00e1tico de Derecho Internacional P\u00fablico, Universidad Rey Juan Carlos de Madrid. Director del Centro de Estudios de Iberoam\u00e9rica. \u201cLa Uni\u00f3n Europea y Am\u00e9rica Latina: las razones de una relaci\u00f3n imposible\u201d.<\/span><\/p>\n<p>[\/et_pb_text][\/et_pb_column][\/et_pb_row][et_pb_row _builder_version=\u00bb4.24.0&#8243; _module_preset=\u00bbdefault\u00bb global_colors_info=\u00bb{}\u00bb][et_pb_column type=\u00bb4_4&#8243; _builder_version=\u00bb4.24.0&#8243; _module_preset=\u00bbdefault\u00bb global_colors_info=\u00bb{}\u00bb][et_pb_video src_webm=\u00bbhttps:\/\/modulojeanmonnetclaeu.es\/wp-content\/uploads\/2024\/01\/Entrevista-a-Castor-Diaz-Barrado.mp4&#8243; _builder_version=\u00bb4.24.0&#8243; _module_preset=\u00bbdefault\u00bb global_colors_info=\u00bb{}\u00bb][\/et_pb_video][\/et_pb_column][\/et_pb_row][et_pb_row _builder_version=\u00bb4.24.0&#8243; _module_preset=\u00bbdefault\u00bb global_colors_info=\u00bb{}\u00bb][et_pb_column type=\u00bb4_4&#8243; _builder_version=\u00bb4.24.0&#8243; _module_preset=\u00bbdefault\u00bb global_colors_info=\u00bb{}\u00bb][et_pb_text _builder_version=\u00bb4.24.0&#8243; _module_preset=\u00bbdefault\u00bb global_colors_info=\u00bb{}\u00bb]<\/p>\n<p>Entrevista\u00a0 a C\u00e1stor D\u00edaz Barrado \u00abPerspectivas, Estrategias y Desaf\u00edos de la UE: El sue\u00f1o europeo en el nuevo contexto global y los retos de una Europa vertebrada\u00bb, Campus Yuste 2017<\/p>\n<p>[\/et_pb_text][\/et_pb_column][\/et_pb_row][\/et_pb_section]<\/p>\n","protected":false},"excerpt":{"rendered":"<p>I) DECLARACIONES Y PLANES DE ACCI\u00d3N CUMBRES UE-AM\u00c9RICA LATINA (UE-CELAC)I Cumbre UE-ALC del 29 de junio de 1999 en R\u00edo de Janeiro (Brasil).https:\/\/www.europarl.europa.eu\/cmsdata\/266740\/1999_ES_rio_decl.pdfII Cumbre UE-ALC del 4 de mayo de 2002 en Madrid (Espa\u00f1a)https:\/\/www.europarl.europa.eu\/cmsdata\/266738\/ii_17_5_2002_madrid_es-2.pdfIII Cumbre UE-ALC, Guadalajara (M\u00e9xico), 2 de mayo de 2004https:\/\/www.europarl.europa.eu\/cmsdata\/266736\/2004_guadalajara_es.pdfIV Cumbre UE-ALC del 12 de mayo de 2006 en Viena (Austria)https:\/\/www.europarl.europa.eu\/cmsdata\/266734\/Vienna%20Declaration_ES.pdfV Cumbre [&hellip;]<\/p>\n","protected":false},"author":1,"featured_media":0,"parent":0,"menu_order":0,"comment_status":"closed","ping_status":"closed","template":"","meta":{"_et_pb_use_builder":"on","_et_pb_old_content":"","_et_gb_content_width":"","footnotes":""},"class_list":["post-187","page","type-page","status-publish","hentry"],"_links":{"self":[{"href":"https:\/\/modulojeanmonnetclaeu.es\/index.php?rest_route=\/wp\/v2\/pages\/187","targetHints":{"allow":["GET"]}}],"collection":[{"href":"https:\/\/modulojeanmonnetclaeu.es\/index.php?rest_route=\/wp\/v2\/pages"}],"about":[{"href":"https:\/\/modulojeanmonnetclaeu.es\/index.php?rest_route=\/wp\/v2\/types\/page"}],"author":[{"embeddable":true,"href":"https:\/\/modulojeanmonnetclaeu.es\/index.php?rest_route=\/wp\/v2\/users\/1"}],"replies":[{"embeddable":true,"href":"https:\/\/modulojeanmonnetclaeu.es\/index.php?rest_route=%2Fwp%2Fv2%2Fcomments&post=187"}],"version-history":[{"count":57,"href":"https:\/\/modulojeanmonnetclaeu.es\/index.php?rest_route=\/wp\/v2\/pages\/187\/revisions"}],"predecessor-version":[{"id":830,"href":"https:\/\/modulojeanmonnetclaeu.es\/index.php?rest_route=\/wp\/v2\/pages\/187\/revisions\/830"}],"wp:attachment":[{"href":"https:\/\/modulojeanmonnetclaeu.es\/index.php?rest_route=%2Fwp%2Fv2%2Fmedia&parent=187"}],"curies":[{"name":"wp","href":"https:\/\/api.w.org\/{rel}","templated":true}]}}